{"id":27,"date":"2014-11-13T10:30:07","date_gmt":"2014-11-13T10:30:07","guid":{"rendered":"http:\/\/lacvertplage.fr\/?page_id=27"},"modified":"2024-08-01T06:48:10","modified_gmt":"2024-08-01T06:48:10","slug":"locations-de-chalets-lac-vert","status":"publish","type":"page","link":"https:\/\/lacvertplage.fr\/de\/sejournez-au-lac-vert\/locations-de-chalets-lac-vert\/","title":{"rendered":"Chalets in der Freizeitanlage Lac vert mieten"},"content":{"rendered":"\r\n<figure class=\"wp-block-gallery has-nested-images columns-3 is-cropped wp-block-gallery-1 is-layout-flex wp-block-gallery-is-layout-flex\">\r\n\r\n\r\n<figure class=\"wp-block-image size-large\"><a href=\"https:\/\/lacvertplage.fr\/wp-content\/uploads\/2023\/05\/TERRASSE.jpg\" data-rel=\"lightbox-gallery-ptiwkUtj\" data-rl_title=\"TERRASSE\" data-rl_caption=\"TERRASSE\" title=\"TERRASSE\"><img loading=\"lazy\" decoding=\"async\" data-id=\"302\" class=\"alignnone wp-image-652 size-medium\" src=\"https:\/\/lacvertplage.fr\/wp-content\/uploads\/2023\/05\/TERRASSE-225x300.jpg\" alt=\"\" width=\"225\" height=\"300\" srcset=\"https:\/\/lacvertplage.fr\/wp-content\/uploads\/2023\/05\/TERRASSE-225x300.jpg 225w, https:\/\/lacvertplage.fr\/wp-content\/uploads\/2023\/05\/TERRASSE-768x1024.jpg 768w, https:\/\/lacvertplage.fr\/wp-content\/uploads\/2023\/05\/TERRASSE-1152x1536.jpg 1152w, https:\/\/lacvertplage.fr\/wp-content\/uploads\/2023\/05\/TERRASSE.jpg 1536w\" sizes=\"auto, (max-width: 225px) 100vw, 225px\" \/><\/a><\/figure>\r\n\r\n\r\n\r\n\r\n\r\n\r\n<\/figure>\r\n\r\n\r\n\r\n<h2 class=\"wp-block-heading\">Nos Chalets :<\/h2>\r\n<p><span style=\"text-align: justify;\">Notre camping du Lac Vert vous propose \u00e9galement des locations de chalets. Situ\u00e9s sur la rive droite du lac, 18 chalets peuvent vous accueillir en famille ou en groupe. Enti\u00e8rement \u00e9quip\u00e9s, ils vous permettront de passer un s\u00e9jour au bord du lac, avec une vue imprenable sur le plan d&rsquo;eau.<\/span><\/p>\r\n\r\n<p style=\"text-align: justify;\">Il ne vous reste plus qu\u2019\u00e0 choisir votre chalet de vacances pour un s\u00e9jour inoubliable en Val Dunois :<\/p>\r\n<ul>\r\n<li><em>4 Chalets 6 personnes avec 3 Chambres nouvelle g\u00e9n\u00e9ration <strong>Cigogne dont 1 face au lac<\/strong><\/em><\/li>\r\n<li><em>4 Chalets 6 personnes avec 3 Chambres ancien Chalet <strong>Gu\u00eapier<\/strong>.<\/em><\/li>\r\n<li><em>4 Chalets 5 personnes avec 2 Chambres bord du lac <strong>Gr\u00e8be.\u00a0<\/strong><\/em><\/li>\r\n<li><em>3 Chalets 5 personnes avec 2 Chambres chalet derri\u00e8re coccinelle <strong>Gu\u00eapier.\u00a0<\/strong><\/em><\/li>\r\n<li><em>1 Chalet 3 personnes PMR chalet derri\u00e8re coccinelle <strong>Caille des bl\u00e9s<\/strong>.\u00a0<\/em><\/li>\r\n<li><em>1 Chalet 4 personnes PMR avec 2 Chambres\u00a0<strong> Tarier.<\/strong><\/em><\/li>\r\n<li><em>1 Chalet 2 personnes 1 chambres bord du lac <strong>Courlis<\/strong>.\u00a0<\/em><\/li>\r\n<li>\r\n<h4><strong>Nous ne louons nos chalets qu&rsquo;a la semaine pendant la saison estivale.<\/strong><\/h4>\r\n<\/li>\r\n<\/ul>\r\n\r\n<figure class=\"wp-block-image size-full\"><a href=\"https:\/\/lacvertplage.fr\/wp-content\/uploads\/2023\/02\/Plan-des-chalets-2023.jpg\" data-rel=\"lightbox-gallery-ptiwkUtj\" data-rl_title=\"Plan-des-chalets-2023\" data-rl_caption=\"Plan-des-chalets-2023\" title=\"Plan-des-chalets-2023\"><img loading=\"lazy\" decoding=\"async\" width=\"755\" height=\"532\" class=\"wp-image-585\" src=\"https:\/\/lacvertplage.fr\/wp-content\/uploads\/2023\/02\/Plan-des-chalets-2023.jpg\" alt=\"\" srcset=\"https:\/\/lacvertplage.fr\/wp-content\/uploads\/2023\/02\/Plan-des-chalets-2023.jpg 755w, https:\/\/lacvertplage.fr\/wp-content\/uploads\/2023\/02\/Plan-des-chalets-2023-300x211.jpg 300w\" sizes=\"auto, (max-width: 755px) 100vw, 755px\" \/><\/a>\r\n\r\n<\/figure>\r\n\r\n\r\n\r\n<h2 class=\"wp-block-heading\" style=\"text-align: center;\">S\u00e9journez dans l\u2019un de nos chalets \u00e0 partir de 240\u20ac la semaine\u00a0<\/h2>\r\n<p>&nbsp;<\/p>\r\n\r\n<p style=\"text-align: center;\"><strong><span style=\"color: #800080;\">\u00ab\u00a0Le caille des bl\u00e9s\u00a0\u00bb\u00a0<\/span> Chalet PMR Access<\/strong><\/p>\r\n<p style=\"text-align: center;\">3 personnes, 1 chambre avec 2 lits s\u00e9par\u00e9s par un rideau\u00a0<\/p>\r\n<p style=\"text-align: center;\">1 chambre :1 lit 140X200cm et 1 lit 80X200 cm, oreillers et couvertures fournis.\u00a0<\/p>\r\n<p style=\"text-align: center;\">cuisine : 1 r\u00e9frig\u00e9rateur, 1 freezer, 1 plaque de cuisson 2 feux, 1 micro-ondes, 1 cafeti\u00e8re \u00e9lectrique, vaisselle et casseroles, couverts ajust\u00e9s au nombre de personnes.<\/p>\r\n<p style=\"text-align: center;\">Salle de bain : Douche et WC adapt\u00e9e \u00e0 la personne \u00e0 mobilit\u00e9 r\u00e9duite, lavabo.<\/p>\r\n<p style=\"text-align: center;\">Terrasse couverte, salon de jardin.<\/p>\r\n<p style=\"text-align: center;\">\u00a0<\/p>\r\n<p style=\"text-align: center;\"><strong><span style=\"color: #800080;\">\u00ab\u00a0Le Tarier\u00a0\u00bb\u00a0<\/span> Chalet\u00a0 PMR 2 chambres<\/strong><\/p>\r\n<p style=\"text-align: center;\"><strong><span style=\"color: #339966;\">Le Tarier est un chalet pour 4 personnes con\u00e7u pour l\u2019accessibilit\u00e9 \u00e0 tous les publics. Il facilite le quotidien gr\u00e2ce \u00e0 son am\u00e9nagement confortable et aux couleurs contrast\u00e9es. <\/span><\/strong><strong><span style=\"color: #339966;\">Le s\u00e9jour est grand et lumineux !<\/span><\/strong><\/p>\r\n<p style=\"text-align: center;\">4 personnes, 1 chambre avec 2 lits s\u00e9par\u00e9s par un rideau\u00a0<\/p>\r\n<p style=\"text-align: center;\">1 chambre :\u00a0 2 lits\u00a0 80X200cm dont un en hauteur et 1 chambre avec un\u00a0 lit 160X200 cm, oreillers et couvertures fournis.\u00a0<\/p>\r\n<p style=\"text-align: center;\">cuisine : 1 r\u00e9frig\u00e9rateur\/cong\u00e9lateur 212l, 4 feux induction, 1 micro-ondes, 1 cafeti\u00e8re \u00e9lectrique, vaisselle et casseroles, couverts ajust\u00e9s au nombre de personnes.<\/p>\r\n<p style=\"text-align: center;\">Banquette avec coussin d\u2019assise et dossier<\/p>\r\n<p style=\"text-align: center;\">Salle de bain : Douche et WC adapt\u00e9e \u00e0 la personne \u00e0 mobilit\u00e9 r\u00e9duite, lavabo.<\/p>\r\n<p style=\"text-align: center;\">2\u00e8me SDB cabine de douche 100X80\u00a0<\/p>\r\n<p style=\"text-align: center;\">Terrasse couverte, salon de jardin.<\/p>\r\n<p style=\"text-align: center;\"><div class=\"rl-gallery-container rl-loading\" id=\"rl-gallery-container-1\" data-gallery_id=\"735\"> <div class=\"rl-gallery rl-basicgrid-gallery rl-hover-effect-1 rl-hover-icon-9\" id=\"rl-gallery-1\" data-gallery_no=\"1\"> <div class=\"rl-gallery-item\"><a href=\"https:\/\/lacvertplage.fr\/wp-content\/uploads\/2023\/05\/tarier-ext-2-scaled-e1683557102617.jpg\" title=\"tarier ext 2\" data-rl_title=\"tarier ext 2\" class=\"rl-gallery-link\" data-rl_caption=\"tarier ext 2\" data-rel=\"lightbox-gallery-1\"><img loading=\"lazy\" decoding=\"async\" src=\"https:\/\/lacvertplage.fr\/wp-content\/uploads\/2023\/05\/tarier-ext-2-scaled-e1683557102617-300x225.jpg\" width=\"300\" height=\"225\" alt=\"\" \/><span class=\"rl-gallery-caption\"><span class=\"rl-gallery-item-title\">tarier ext 2<\/span><span class=\"rl-gallery-item-caption\">tarier ext 2<\/span><\/span><\/a><\/div><div class=\"rl-gallery-item\"><a href=\"https:\/\/lacvertplage.fr\/wp-content\/uploads\/2023\/05\/tarier-cuisine-scaled-e1683557073480.jpg\" title=\"tarier cuisine\" data-rl_title=\"tarier cuisine\" class=\"rl-gallery-link\" data-rl_caption=\"tarier cuisine\" data-rel=\"lightbox-gallery-1\"><img loading=\"lazy\" decoding=\"async\" src=\"https:\/\/lacvertplage.fr\/wp-content\/uploads\/2023\/05\/tarier-cuisine-scaled-e1683557073480-300x225.jpg\" width=\"300\" height=\"225\" alt=\"\" \/><span class=\"rl-gallery-caption\"><span class=\"rl-gallery-item-title\">tarier cuisine<\/span><span class=\"rl-gallery-item-caption\">tarier cuisine<\/span><\/span><\/a><\/div><div class=\"rl-gallery-item\"><a href=\"https:\/\/lacvertplage.fr\/wp-content\/uploads\/2023\/05\/tarier-cbr-dle-4-scaled-e1683556977136.jpg\" title=\"tarier cbr dle 4\" data-rl_title=\"tarier cbr dle 4\" class=\"rl-gallery-link\" data-rl_caption=\"tarier cbr dle 4\" data-rel=\"lightbox-gallery-1\"><img loading=\"lazy\" decoding=\"async\" src=\"https:\/\/lacvertplage.fr\/wp-content\/uploads\/2023\/05\/tarier-cbr-dle-4-scaled-e1683556977136-300x225.jpg\" width=\"300\" height=\"225\" alt=\"\" \/><span class=\"rl-gallery-caption\"><span class=\"rl-gallery-item-title\">tarier cbr dle 4<\/span><span class=\"rl-gallery-item-caption\">tarier cbr dle 4<\/span><\/span><\/a><\/div><div class=\"rl-gallery-item\"><a href=\"https:\/\/lacvertplage.fr\/wp-content\/uploads\/2023\/05\/tarier-sdb1-scaled-e1683557215983.jpg\" title=\"tarier sdb1\" data-rl_title=\"tarier sdb1\" class=\"rl-gallery-link\" data-rl_caption=\"tarier sdb1\" data-rel=\"lightbox-gallery-1\"><img loading=\"lazy\" decoding=\"async\" src=\"https:\/\/lacvertplage.fr\/wp-content\/uploads\/2023\/05\/tarier-sdb1-scaled-e1683557215983-300x225.jpg\" width=\"300\" height=\"225\" alt=\"\" \/><span class=\"rl-gallery-caption\"><span class=\"rl-gallery-item-title\">tarier sdb1<\/span><span class=\"rl-gallery-item-caption\">tarier sdb1<\/span><\/span><\/a><\/div><div class=\"rl-gallery-item\"><a href=\"https:\/\/lacvertplage.fr\/wp-content\/uploads\/2023\/05\/tarier-sdb-2-1-scaled-e1683557185818.jpg\" title=\"tarier sdb 2\" data-rl_title=\"tarier sdb 2\" class=\"rl-gallery-link\" data-rl_caption=\"tarier sdb 2\" data-rel=\"lightbox-gallery-1\"><img loading=\"lazy\" decoding=\"async\" src=\"https:\/\/lacvertplage.fr\/wp-content\/uploads\/2023\/05\/tarier-sdb-2-1-scaled-e1683557185818-300x225.jpg\" width=\"300\" height=\"225\" alt=\"\" \/><span class=\"rl-gallery-caption\"><span class=\"rl-gallery-item-title\">tarier sdb 2<\/span><span class=\"rl-gallery-item-caption\">tarier sdb 2<\/span><\/span><\/a><\/div><div class=\"rl-gallery-item\"><a href=\"https:\/\/lacvertplage.fr\/wp-content\/uploads\/2023\/05\/tarier-90-scaled-e1683556944175.jpg\" title=\"tarier 90\" data-rl_title=\"tarier 90\" class=\"rl-gallery-link\" data-rl_caption=\"tarier 90\" data-rel=\"lightbox-gallery-1\"><img loading=\"lazy\" decoding=\"async\" src=\"https:\/\/lacvertplage.fr\/wp-content\/uploads\/2023\/05\/tarier-90-scaled-e1683556944175-300x225.jpg\" width=\"300\" height=\"225\" alt=\"\" \/><span class=\"rl-gallery-caption\"><span class=\"rl-gallery-item-title\">tarier 90<\/span><span class=\"rl-gallery-item-caption\">tarier 90<\/span><\/span><\/a><\/div> <\/div> <\/div><\/p>\r\n<p style=\"text-align: center;\">\u00a0<\/p>\r\n<p style=\"text-align: center;\"><strong><span style=\"color: #800080;\">\u00ab\u00a0Le Courlis\u00a0\u00bb\u00a0<\/span> Chalet 2\u00a0 personnes<\/strong><\/p>\r\n<h3 style=\"text-align: center;\">On aime !<\/h3>\r\n<p style=\"text-align: center;\">Son look moderne et son int\u00e9rieur Cosy<\/p>\r\n<p style=\"text-align: center;\">Le Courlis a tout d\u2019un grand ! Son espace int\u00e9rieur confortable est parfaitement adapt\u00e9 \u00e0 un s\u00e9jour vacances. Grande baie vitr\u00e9e de 4 m\u00e8tres pour acc\u00e9der \u00e0 la terrasse avec vue sur le Lac.<\/p>\r\n<p style=\"text-align: center;\">2 personnes, 1 chambre avec 1 lit 160X200cm, oreillers et couvertures fournis<\/p>\r\n<p style=\"text-align: center;\">1 table mange debout avec 2 tabourets coin cuisine, 1 r\u00e9frig\u00e9rateur Table top 114l, 2 feux gaz, 1 micro-ondes, 1 cafeti\u00e8re \u00e9lectrique, vaisselle et casseroles, couverts ajust\u00e9s au nombre de personnes.\u00a0<\/p>\r\n<p style=\"text-align: center;\">Salle de bain : cabine de douche et WC .<\/p>\r\n<p style=\"text-align: center;\">Banquette avec coussin d\u2019assise et dossier<\/p>\r\n<p style=\"text-align: center;\">Terrasse couverte avec vue sur le lac\u00a0 salon de jardin.<\/p>\r\n<p style=\"text-align: center;\"><div class=\"rl-gallery-container rl-loading\" id=\"rl-gallery-container-2\" data-gallery_id=\"746\"> <div class=\"rl-gallery rl-basicgrid-gallery rl-hover-effect-1 rl-hover-icon-9\" id=\"rl-gallery-2\" data-gallery_no=\"2\"> <div class=\"rl-gallery-item\"><a href=\"https:\/\/lacvertplage.fr\/wp-content\/uploads\/2023\/05\/342937500_1354777462040484_4444742755780664604_n-1-e1683558717223.jpg\" title=\"Courlis\" data-rl_title=\"Courlis\" class=\"rl-gallery-link\" data-rl_caption=\"Courlis\" data-rel=\"lightbox-gallery-2\"><img loading=\"lazy\" decoding=\"async\" src=\"https:\/\/lacvertplage.fr\/wp-content\/uploads\/2023\/05\/342937500_1354777462040484_4444742755780664604_n-1-e1683558717223-208x300.jpg\" width=\"208\" height=\"300\" alt=\"\" \/><span class=\"rl-gallery-caption\"><span class=\"rl-gallery-item-title\">Courlis<\/span><span class=\"rl-gallery-item-caption\">Courlis<\/span><\/span><\/a><\/div><div class=\"rl-gallery-item\"><a href=\"https:\/\/lacvertplage.fr\/wp-content\/uploads\/2023\/05\/340010066_749080296922807_6900571353823134604_n.jpg\" title=\"340010066_749080296922807_6900571353823134604_n\" data-rl_title=\"340010066_749080296922807_6900571353823134604_n\" class=\"rl-gallery-link\" data-rl_caption=\"340010066_749080296922807_6900571353823134604_n\" data-rel=\"lightbox-gallery-2\"><img loading=\"lazy\" decoding=\"async\" src=\"https:\/\/lacvertplage.fr\/wp-content\/uploads\/2023\/05\/340010066_749080296922807_6900571353823134604_n-225x300.jpg\" width=\"225\" height=\"300\" alt=\"\" \/><span class=\"rl-gallery-caption\"><span class=\"rl-gallery-item-title\">340010066_749080296922807_6900571353823134604_n<\/span><span class=\"rl-gallery-item-caption\">340010066_749080296922807_6900571353823134604_n<\/span><\/span><\/a><\/div><div class=\"rl-gallery-item\"><a href=\"https:\/\/lacvertplage.fr\/wp-content\/uploads\/2023\/05\/DSC00441-scaled-e1683558585313.jpg\" title=\"DSC00441\" data-rl_title=\"DSC00441\" class=\"rl-gallery-link\" data-rl_caption=\"DSC00441\" data-rel=\"lightbox-gallery-2\"><img loading=\"lazy\" decoding=\"async\" src=\"https:\/\/lacvertplage.fr\/wp-content\/uploads\/2023\/05\/DSC00441-scaled-e1683558585313-300x225.jpg\" width=\"300\" height=\"225\" alt=\"\" \/><span class=\"rl-gallery-caption\"><span class=\"rl-gallery-item-title\">DSC00441<\/span><span class=\"rl-gallery-item-caption\">DSC00441<\/span><\/span><\/a><\/div><div class=\"rl-gallery-item\"><a href=\"https:\/\/lacvertplage.fr\/wp-content\/uploads\/2023\/05\/DSC00440-scaled-e1683558557653.jpg\" title=\"DSC00440\" data-rl_title=\"DSC00440\" class=\"rl-gallery-link\" data-rl_caption=\"DSC00440\" data-rel=\"lightbox-gallery-2\"><img loading=\"lazy\" decoding=\"async\" src=\"https:\/\/lacvertplage.fr\/wp-content\/uploads\/2023\/05\/DSC00440-scaled-e1683558557653-300x225.jpg\" width=\"300\" height=\"225\" alt=\"\" \/><span class=\"rl-gallery-caption\"><span class=\"rl-gallery-item-title\">DSC00440<\/span><span class=\"rl-gallery-item-caption\">DSC00440<\/span><\/span><\/a><\/div><div class=\"rl-gallery-item\"><a href=\"https:\/\/lacvertplage.fr\/wp-content\/uploads\/2023\/05\/DSC00439-scaled-e1683558533539.jpg\" title=\"DSC00439\" data-rl_title=\"DSC00439\" class=\"rl-gallery-link\" data-rl_caption=\"DSC00439\" data-rel=\"lightbox-gallery-2\"><img loading=\"lazy\" decoding=\"async\" src=\"https:\/\/lacvertplage.fr\/wp-content\/uploads\/2023\/05\/DSC00439-scaled-e1683558533539-225x300.jpg\" width=\"225\" height=\"300\" alt=\"\" \/><span class=\"rl-gallery-caption\"><span class=\"rl-gallery-item-title\">DSC00439<\/span><span class=\"rl-gallery-item-caption\">DSC00439<\/span><\/span><\/a><\/div><div class=\"rl-gallery-item\"><a href=\"https:\/\/lacvertplage.fr\/wp-content\/uploads\/2023\/05\/DSC00437-scaled-e1683558508539.jpg\" title=\"DSC00437\" data-rl_title=\"DSC00437\" class=\"rl-gallery-link\" data-rl_caption=\"DSC00437\" data-rel=\"lightbox-gallery-2\"><img loading=\"lazy\" decoding=\"async\" src=\"https:\/\/lacvertplage.fr\/wp-content\/uploads\/2023\/05\/DSC00437-scaled-e1683558508539-300x225.jpg\" width=\"300\" height=\"225\" alt=\"\" \/><span class=\"rl-gallery-caption\"><span class=\"rl-gallery-item-title\">DSC00437<\/span><span class=\"rl-gallery-item-caption\">DSC00437<\/span><\/span><\/a><\/div><div class=\"rl-gallery-item\"><a href=\"https:\/\/lacvertplage.fr\/wp-content\/uploads\/2023\/05\/courlis1-scaled-e1683558442642.jpg\" title=\"courlis1\" data-rl_title=\"courlis1\" class=\"rl-gallery-link\" data-rl_caption=\"courlis1\" data-rel=\"lightbox-gallery-2\"><img loading=\"lazy\" decoding=\"async\" src=\"https:\/\/lacvertplage.fr\/wp-content\/uploads\/2023\/05\/courlis1-scaled-e1683558442642-300x225.jpg\" width=\"300\" height=\"225\" alt=\"\" \/><span class=\"rl-gallery-caption\"><span class=\"rl-gallery-item-title\">courlis1<\/span><span class=\"rl-gallery-item-caption\">courlis1<\/span><\/span><\/a><\/div> <\/div> <\/div><\/p>\r\n<p style=\"text-align: center;\"><strong><span style=\"color: #800080;\">\u00ab\u00a0Le POD\u00a0\u00bb<\/span><\/strong><\/p>\r\n<h3 style=\"text-align: center;\">On raffole !<\/h3>\r\n<p style=\"text-align: center;\">la cabane en bois, en forme d&rsquo;un demi tronc face au lac<\/p>\r\n<p style=\"text-align: center;\">Dormez dans l&rsquo;un de nos 4 pods. Cet h\u00e9bergement insolite est un concept simple de cabane confortable sans sanitaire et situ\u00e9 \u00e0 moins de 100 m\u00e8tres des sanitaires communs du camping.<\/p>\r\n<p style=\"text-align: center;\">Il dispose de 2 lits 80X190cm, d&rsquo;une table et de chaises, il est \u00e9galement \u00e9quip\u00e9 d&rsquo;\u00e9lectricit\u00e9.\u00a0oreillers et couvertures fournis<\/p>\r\n<p style=\"text-align: center;\"><div class=\"rl-gallery-container rl-loading\" id=\"rl-gallery-container-3\" data-gallery_id=\"799\"> <div class=\"rl-gallery rl-basicgrid-gallery rl-hover-effect-1\" id=\"rl-gallery-3\" data-gallery_no=\"3\"> <div class=\"rl-gallery-item\"><a href=\"https:\/\/lacvertplage.fr\/wp-content\/uploads\/2023\/05\/346290819_959445905194137_6364422543539868904_n.jpg\" title=\"346290819_959445905194137_6364422543539868904_n\" data-rl_title=\"346290819_959445905194137_6364422543539868904_n\" class=\"rl-gallery-link\" data-rl_caption=\"346290819_959445905194137_6364422543539868904_n\" data-rel=\"lightbox-gallery-3\"><img loading=\"lazy\" decoding=\"async\" src=\"https:\/\/lacvertplage.fr\/wp-content\/uploads\/2023\/05\/346290819_959445905194137_6364422543539868904_n-225x300.jpg\" width=\"225\" height=\"300\" alt=\"Pod logement insolite pour 2 personnes\" \/><span class=\"rl-gallery-caption\"><span class=\"rl-gallery-item-title\">346290819_959445905194137_6364422543539868904_n<\/span><span class=\"rl-gallery-item-caption\">346290819_959445905194137_6364422543539868904_n<\/span><\/span><\/a><\/div><div class=\"rl-gallery-item\"><a href=\"https:\/\/lacvertplage.fr\/wp-content\/uploads\/2023\/05\/346315969_964282651672823_5260559313446634620_n.jpg\" title=\"346315969_964282651672823_5260559313446634620_n\" data-rl_title=\"346315969_964282651672823_5260559313446634620_n\" class=\"rl-gallery-link\" data-rl_caption=\"346315969_964282651672823_5260559313446634620_n\" data-rel=\"lightbox-gallery-3\"><img loading=\"lazy\" decoding=\"async\" src=\"https:\/\/lacvertplage.fr\/wp-content\/uploads\/2023\/05\/346315969_964282651672823_5260559313446634620_n-225x300.jpg\" width=\"225\" height=\"300\" alt=\"\" \/><span class=\"rl-gallery-caption\"><span class=\"rl-gallery-item-title\">346315969_964282651672823_5260559313446634620_n<\/span><span class=\"rl-gallery-item-caption\">346315969_964282651672823_5260559313446634620_n<\/span><\/span><\/a><\/div><div class=\"rl-gallery-item\"><a href=\"https:\/\/lacvertplage.fr\/wp-content\/uploads\/2023\/05\/346462767_794137778996499_2113272835405348405_n.jpg\" title=\"346462767_794137778996499_2113272835405348405_n\" data-rl_title=\"346462767_794137778996499_2113272835405348405_n\" class=\"rl-gallery-link\" data-rl_caption=\"346462767_794137778996499_2113272835405348405_n\" data-rel=\"lightbox-gallery-3\"><img loading=\"lazy\" decoding=\"async\" src=\"https:\/\/lacvertplage.fr\/wp-content\/uploads\/2023\/05\/346462767_794137778996499_2113272835405348405_n-225x300.jpg\" width=\"225\" height=\"300\" alt=\"\" \/><span class=\"rl-gallery-caption\"><span class=\"rl-gallery-item-title\">346462767_794137778996499_2113272835405348405_n<\/span><span class=\"rl-gallery-item-caption\">346462767_794137778996499_2113272835405348405_n<\/span><\/span><\/a><\/div><div class=\"rl-gallery-item\"><a href=\"https:\/\/lacvertplage.fr\/wp-content\/uploads\/2023\/05\/347140143_586322129969992_839296623667387447_n.jpg\" title=\"347140143_586322129969992_839296623667387447_n\" data-rl_title=\"347140143_586322129969992_839296623667387447_n\" class=\"rl-gallery-link\" data-rl_caption=\"347140143_586322129969992_839296623667387447_n\" data-rel=\"lightbox-gallery-3\"><img loading=\"lazy\" decoding=\"async\" src=\"https:\/\/lacvertplage.fr\/wp-content\/uploads\/2023\/05\/347140143_586322129969992_839296623667387447_n-300x275.jpg\" width=\"300\" height=\"275\" alt=\"\" \/><span class=\"rl-gallery-caption\"><span class=\"rl-gallery-item-title\">347140143_586322129969992_839296623667387447_n<\/span><span class=\"rl-gallery-item-caption\">347140143_586322129969992_839296623667387447_n<\/span><\/span><\/a><\/div> <\/div> <\/div><\/p>\r\n<p style=\"text-align: center;\">\u00a0<\/p>\r\n<p style=\"text-align: center;\"><span style=\"color: #800080;\"><span style=\"color: #800080;\"><b>\u00ab\u00a0Le Gr\u00e8be\u00a0\u00bb\u00a0<\/b><\/span><\/span><b> Chalet 2\u00a0 chambres<\/b><\/p>\r\n\r\n\r\n\r\n<p style=\"text-align: center;\"><strong><span style=\"color: #339966;\">Le Gr\u00e8be id\u00e9al pour la famille avec vue sur le lac&#8230;&#8230;<\/span><\/strong><\/p>\r\n<p style=\"text-align: center;\">\u00a0<\/p>\r\n<p style=\"text-align: center;\">5 personnes, 1 chambre avec lit double 140X190 cm et 1 chambre avec 3 lits simple 80X190 cm dont 1 en hauteur, oreillers et couvertures fournis.<\/p>\r\n<p style=\"text-align: center;\">1 espace cuisine avec 1 r\u00e9frig\u00e9rateur Table top 114l, 2 feux gaz, 1 micro-ondes, 1 cafeti\u00e8re \u00e9lectrique, vaisselle et casseroles, couverts ajust\u00e9s au nombre de personnes.\u00a0<\/p>\r\n<p style=\"text-align: center;\">Salle de bain : cabine de douche et WC .<\/p>\r\n<p style=\"text-align: center;\">Terrasse couverte avec vue sur le lac\u00a0 salon de jardin.<\/p>\r\n<p style=\"text-align: center;\"><div class=\"rl-gallery-container rl-loading\" id=\"rl-gallery-container-4\" data-gallery_id=\"749\"> <div class=\"rl-gallery rl-basicgrid-gallery rl-hover-effect-1 rl-hover-icon-9\" id=\"rl-gallery-4\" data-gallery_no=\"4\"> <div class=\"rl-gallery-item\"><a href=\"https:\/\/lacvertplage.fr\/wp-content\/uploads\/2023\/05\/Photo-010-popup.jpg\" title=\"Photo 010 [popup]\" data-rl_title=\"Photo 010 [popup]\" class=\"rl-gallery-link\" data-rl_caption=\"Photo 010 [popup]\" data-rel=\"lightbox-gallery-4\"><img loading=\"lazy\" decoding=\"async\" src=\"https:\/\/lacvertplage.fr\/wp-content\/uploads\/2023\/05\/Photo-010-popup-300x225.jpg\" width=\"300\" height=\"225\" alt=\"\" \/><span class=\"rl-gallery-caption\"><span class=\"rl-gallery-item-title\">Photo 010 [popup]<\/span><span class=\"rl-gallery-item-caption\">Photo 010 [popup]<\/span><\/span><\/a><\/div><div class=\"rl-gallery-item\"><a href=\"https:\/\/lacvertplage.fr\/wp-content\/uploads\/2023\/05\/Photo-007-scaled-e1683557612856.jpg\" title=\"Photo 007\" data-rl_title=\"Photo 007\" class=\"rl-gallery-link\" data-rl_caption=\"Photo 007\" data-rel=\"lightbox-gallery-4\"><img loading=\"lazy\" decoding=\"async\" src=\"https:\/\/lacvertplage.fr\/wp-content\/uploads\/2023\/05\/Photo-007-scaled-e1683557612856-300x225.jpg\" width=\"300\" height=\"225\" alt=\"\" \/><span class=\"rl-gallery-caption\"><span class=\"rl-gallery-item-title\">Photo 007<\/span><span class=\"rl-gallery-item-caption\">Photo 007<\/span><\/span><\/a><\/div><div class=\"rl-gallery-item\"><a href=\"https:\/\/lacvertplage.fr\/wp-content\/uploads\/2023\/05\/chalet-5-personnes-sejour-scaled.jpg\" title=\"chalet 5 personnes sejour\" data-rl_title=\"chalet 5 personnes sejour\" class=\"rl-gallery-link\" data-rl_caption=\"chalet 5 personnes sejour\" data-rel=\"lightbox-gallery-4\"><img loading=\"lazy\" decoding=\"async\" src=\"https:\/\/lacvertplage.fr\/wp-content\/uploads\/2023\/05\/chalet-5-personnes-sejour-300x225.jpg\" width=\"300\" height=\"225\" alt=\"\" \/><span class=\"rl-gallery-caption\"><span class=\"rl-gallery-item-title\">chalet 5 personnes sejour<\/span><span class=\"rl-gallery-item-caption\">chalet 5 personnes sejour<\/span><\/span><\/a><\/div><div class=\"rl-gallery-item\"><a href=\"https:\/\/lacvertplage.fr\/wp-content\/uploads\/2023\/05\/Photo-006-1024x768-site-web.jpg\" title=\"Photo 006 [1024&#215;768 site web]\" data-rl_title=\"Photo 006 [1024&#215;768 site web]\" class=\"rl-gallery-link\" data-rl_caption=\"Photo 006 [1024&#215;768 site web]\" data-rel=\"lightbox-gallery-4\"><img loading=\"lazy\" decoding=\"async\" src=\"https:\/\/lacvertplage.fr\/wp-content\/uploads\/2023\/05\/Photo-006-1024x768-site-web-225x300.jpg\" width=\"225\" height=\"300\" alt=\"\" \/><span class=\"rl-gallery-caption\"><span class=\"rl-gallery-item-title\">Photo 006 [1024&#215;768 site web]<\/span><span class=\"rl-gallery-item-caption\">Photo 006 [1024&#215;768 site web]<\/span><\/span><\/a><\/div><div class=\"rl-gallery-item\"><a href=\"https:\/\/lacvertplage.fr\/wp-content\/uploads\/2023\/05\/chalet-5-personnes-cbres-80-scaled-e1683557322228.jpg\" title=\"chalet 5 personnes cbres 80\" data-rl_title=\"chalet 5 personnes cbres 80\" class=\"rl-gallery-link\" data-rl_caption=\"chalet 5 personnes cbres 80\" data-rel=\"lightbox-gallery-4\"><img loading=\"lazy\" decoding=\"async\" src=\"https:\/\/lacvertplage.fr\/wp-content\/uploads\/2023\/05\/chalet-5-personnes-cbres-80-scaled-e1683557322228-300x225.jpg\" width=\"300\" height=\"225\" alt=\"\" \/><span class=\"rl-gallery-caption\"><span class=\"rl-gallery-item-title\">chalet 5 personnes cbres 80<\/span><span class=\"rl-gallery-item-caption\">chalet 5 personnes cbres 80<\/span><\/span><\/a><\/div><div class=\"rl-gallery-item\"><a href=\"https:\/\/lacvertplage.fr\/wp-content\/uploads\/2023\/05\/chalet-5-personnes-chbre-140-scaled-e1683557349554.jpg\" title=\"chalet 5 personnes chbre 140\" data-rl_title=\"chalet 5 personnes chbre 140\" class=\"rl-gallery-link\" data-rl_caption=\"chalet 5 personnes chbre 140\" data-rel=\"lightbox-gallery-4\"><img loading=\"lazy\" decoding=\"async\" src=\"https:\/\/lacvertplage.fr\/wp-content\/uploads\/2023\/05\/chalet-5-personnes-chbre-140-scaled-e1683557349554-300x225.jpg\" width=\"300\" height=\"225\" alt=\"\" \/><span class=\"rl-gallery-caption\"><span class=\"rl-gallery-item-title\">chalet 5 personnes chbre 140<\/span><span class=\"rl-gallery-item-caption\">chalet 5 personnes chbre 140<\/span><\/span><\/a><\/div> <\/div> <\/div><\/p>\r\n<p style=\"text-align: center;\">\u00a0<\/p>\r\n<p style=\"text-align: center;\"><strong><span style=\"color: #800080;\">\u00ab\u00a0Le Cigogne\u00a0\u00bb\u00a0<\/span> Chalet 3 chambres<\/strong><\/p>\r\n<h3 style=\"text-align: center;\">On adore !<\/h3>\r\n<p style=\"text-align: center;\"><span style=\"color: #339966;\"><strong>Sa capacit\u00e9 d&rsquo;accueil : 3 chambres, une grande pi\u00e8ce de vie totalement ouverte sur la terrasse<\/strong>.<\/span><\/p>\r\n<p style=\"text-align: center;\">.<\/p>\r\n<p style=\"text-align: center;\">6 personnes, 1 chambre avec 1 lit 160X200cm, 1 chambre avec 2 lits 80X200cm, 1 chambre 1 lit haut et un lit bas 80X190 cm, oreillers et couvertures fournis<\/p>\r\n<p style=\"text-align: center;\">1 espace cuisine avec 1 r\u00e9frig\u00e9rateur Table top 114l, 2 feux gaz, 1 micro-ondes, 1 cafeti\u00e8re \u00e9lectrique, vaisselle et casseroles, couverts ajust\u00e9s au nombre de personnes.\u00a0<\/p>\r\n<p style=\"text-align: center;\">Salle de bain : cabine de douche 100X80 cm double vasques et WC s\u00e9par\u00e9s.<\/p>\r\n<p style=\"text-align: center;\">Banquette avec coussin d\u2019assise et dossier<\/p>\r\n<p style=\"text-align: center;\">Terrasse couverte avec salon de jardin.<\/p>\r\n<p style=\"text-align: center;\"><div class=\"rl-gallery-container rl-loading\" id=\"rl-gallery-container-5\" data-gallery_id=\"701\"> <div class=\"rl-gallery rl-basicgrid-gallery rl-hover-effect-1 rl-hover-icon-9\" id=\"rl-gallery-5\" data-gallery_no=\"5\"> <div class=\"rl-gallery-item\"><a href=\"https:\/\/lacvertplage.fr\/wp-content\/uploads\/2023\/05\/TERRASSE-1.jpg\" title=\"TERRASSE\" data-rl_title=\"TERRASSE\" class=\"rl-gallery-link\" data-rl_caption=\"TERRASSE\" data-rel=\"lightbox-gallery-5\"><img loading=\"lazy\" decoding=\"async\" src=\"https:\/\/lacvertplage.fr\/wp-content\/uploads\/2023\/05\/TERRASSE-1-225x300.jpg\" width=\"225\" height=\"300\" alt=\"\" \/><span class=\"rl-gallery-caption\"><span class=\"rl-gallery-item-title\">TERRASSE<\/span><span class=\"rl-gallery-item-caption\">TERRASSE<\/span><\/span><\/a><\/div><div class=\"rl-gallery-item\"><a href=\"https:\/\/lacvertplage.fr\/wp-content\/uploads\/2023\/05\/Sejour-1.jpg\" title=\"Sejour\" data-rl_title=\"Sejour\" class=\"rl-gallery-link\" data-rl_caption=\"Sejour\" data-rel=\"lightbox-gallery-5\"><img loading=\"lazy\" decoding=\"async\" src=\"https:\/\/lacvertplage.fr\/wp-content\/uploads\/2023\/05\/Sejour-1-225x300.jpg\" width=\"225\" height=\"300\" alt=\"\" \/><span class=\"rl-gallery-caption\"><span class=\"rl-gallery-item-title\">Sejour<\/span><span class=\"rl-gallery-item-caption\">Sejour<\/span><\/span><\/a><\/div><div class=\"rl-gallery-item\"><a href=\"https:\/\/lacvertplage.fr\/wp-content\/uploads\/2023\/05\/Salle-de-bain-2-1.jpg\" title=\"Salle de bain 2\" data-rl_title=\"Salle de bain 2\" class=\"rl-gallery-link\" data-rl_caption=\"Salle de bain 2\" data-rel=\"lightbox-gallery-5\"><img loading=\"lazy\" decoding=\"async\" src=\"https:\/\/lacvertplage.fr\/wp-content\/uploads\/2023\/05\/Salle-de-bain-2-1-225x300.jpg\" width=\"225\" height=\"300\" alt=\"\" \/><span class=\"rl-gallery-caption\"><span class=\"rl-gallery-item-title\">Salle de bain 2<\/span><span class=\"rl-gallery-item-caption\">Salle de bain 2<\/span><\/span><\/a><\/div><div class=\"rl-gallery-item\"><a href=\"https:\/\/lacvertplage.fr\/wp-content\/uploads\/2023\/05\/Salle-de-bain-1-1.jpg\" title=\"Salle de bain 1\" data-rl_title=\"Salle de bain 1\" class=\"rl-gallery-link\" data-rl_caption=\"Salle de bain 1\" data-rel=\"lightbox-gallery-5\"><img loading=\"lazy\" decoding=\"async\" src=\"https:\/\/lacvertplage.fr\/wp-content\/uploads\/2023\/05\/Salle-de-bain-1-1-225x300.jpg\" width=\"225\" height=\"300\" alt=\"\" \/><span class=\"rl-gallery-caption\"><span class=\"rl-gallery-item-title\">Salle de bain 1<\/span><span class=\"rl-gallery-item-caption\">Salle de bain 1<\/span><\/span><\/a><\/div><div class=\"rl-gallery-item\"><a href=\"https:\/\/lacvertplage.fr\/wp-content\/uploads\/2023\/05\/coin-cuisine-1.jpg\" title=\"coin cuisine\" data-rl_title=\"coin cuisine\" class=\"rl-gallery-link\" data-rl_caption=\"coin cuisine\" data-rel=\"lightbox-gallery-5\"><img loading=\"lazy\" decoding=\"async\" src=\"https:\/\/lacvertplage.fr\/wp-content\/uploads\/2023\/05\/coin-cuisine-1-225x300.jpg\" width=\"225\" height=\"300\" alt=\"\" \/><span class=\"rl-gallery-caption\"><span class=\"rl-gallery-item-title\">coin cuisine<\/span><span class=\"rl-gallery-item-caption\">coin cuisine<\/span><\/span><\/a><\/div><div class=\"rl-gallery-item\"><a href=\"https:\/\/lacvertplage.fr\/wp-content\/uploads\/2023\/05\/chambre-parentale-1.jpg\" title=\"chambre parentale\" data-rl_title=\"chambre parentale\" class=\"rl-gallery-link\" data-rl_caption=\"chambre parentale\" data-rel=\"lightbox-gallery-5\"><img loading=\"lazy\" decoding=\"async\" src=\"https:\/\/lacvertplage.fr\/wp-content\/uploads\/2023\/05\/chambre-parentale-1-225x300.jpg\" width=\"225\" height=\"300\" alt=\"\" \/><span class=\"rl-gallery-caption\"><span class=\"rl-gallery-item-title\">chambre parentale<\/span><span class=\"rl-gallery-item-caption\">chambre parentale<\/span><\/span><\/a><\/div><div class=\"rl-gallery-item\"><a href=\"https:\/\/lacvertplage.fr\/wp-content\/uploads\/2023\/05\/chambre-lit-sup-1.jpg\" title=\"chambre lit sup\" data-rl_title=\"chambre lit sup\" class=\"rl-gallery-link\" data-rl_caption=\"chambre lit sup\" data-rel=\"lightbox-gallery-5\"><img loading=\"lazy\" decoding=\"async\" src=\"https:\/\/lacvertplage.fr\/wp-content\/uploads\/2023\/05\/chambre-lit-sup-1-225x300.jpg\" width=\"225\" height=\"300\" alt=\"\" \/><span class=\"rl-gallery-caption\"><span class=\"rl-gallery-item-title\">chambre lit sup<\/span><span class=\"rl-gallery-item-caption\">chambre lit sup<\/span><\/span><\/a><\/div><div class=\"rl-gallery-item\"><a href=\"https:\/\/lacvertplage.fr\/wp-content\/uploads\/2023\/05\/cHAMBRE-LIT-DOUBLE342906628_953284449047812_1559350175117385021_n.jpg\" title=\"cHAMBRE LIT DOUBLE342906628_953284449047812_1559350175117385021_n\" data-rl_title=\"cHAMBRE LIT DOUBLE342906628_953284449047812_1559350175117385021_n\" class=\"rl-gallery-link\" data-rl_caption=\"cHAMBRE LIT DOUBLE342906628_953284449047812_1559350175117385021_n\" data-rel=\"lightbox-gallery-5\"><img loading=\"lazy\" decoding=\"async\" src=\"https:\/\/lacvertplage.fr\/wp-content\/uploads\/2023\/05\/cHAMBRE-LIT-DOUBLE342906628_953284449047812_1559350175117385021_n-225x300.jpg\" width=\"225\" height=\"300\" alt=\"\" \/><span class=\"rl-gallery-caption\"><span class=\"rl-gallery-item-title\">cHAMBRE LIT DOUBLE342906628_953284449047812_1559350175117385021_n<\/span><span class=\"rl-gallery-item-caption\">cHAMBRE LIT DOUBLE342906628_953284449047812_1559350175117385021_n<\/span><\/span><\/a><\/div> <\/div> <\/div><\/p>\r\n<p style=\"text-align: center;\">\u00a0<\/p>\r\n<p style=\"text-align: center;\"><span style=\"color: #800080;\"><b>\u00ab\u00a0Le Gu\u00eapier\u00a0\u00bb\u00a0<\/b><\/span><b> Chalet 2 chambres<\/b><\/p>\r\n<p style=\"text-align: center;\">\r\n\r\n<\/p>\r\n<p style=\"text-align: center;\"><strong><span style=\"color: #339966;\">Le Gu\u00eapier id\u00e9al pour la famille\u00a0<\/span><\/strong><\/p>\r\n<p style=\"text-align: center;\">\u00a0<\/p>\r\n<p style=\"text-align: center;\">5 personnes, 1 chambre avec lit double 140X190 cm et 1 chambre avec 3 lits simple 80X190 cm dont 1 en hauteur, oreillers et couvertures fournis.<\/p>\r\n<p style=\"text-align: center;\">1 espace cuisine avec 1 r\u00e9frig\u00e9rateur Table top 114l, 2 feux gaz, 1 micro-ondes, 1 cafeti\u00e8re \u00e9lectrique, vaisselle et casseroles, couverts ajust\u00e9s au nombre de personnes.\u00a0<\/p>\r\n<p style=\"text-align: center;\">Salle de bain : cabine de douche et WC .<\/p>\r\n<p style=\"text-align: center;\">Terrasse couverte avec salon de jardin.<\/p>\r\n\n\t\t<style type=\"text\/css\">\n\t\t\t#gallery-6 {\n\t\t\t\tmargin: auto;\n\t\t\t}\n\t\t\t#gallery-6 .gallery-item {\n\t\t\t\tfloat: left;\n\t\t\t\tmargin-top: 10px;\n\t\t\t\ttext-align: center;\n\t\t\t\twidth: 33%;\n\t\t\t}\n\t\t\t#gallery-6 img {\n\t\t\t\tborder: 2px solid #cfcfcf;\n\t\t\t}\n\t\t\t#gallery-6 .gallery-caption {\n\t\t\t\tmargin-left: 0;\n\t\t\t}\n\t\t\t\/* see gallery_shortcode() in wp-includes\/media.php *\/\n\t\t<\/style>\n\t\t<div id='gallery-6' class='gallery galleryid-27 gallery-columns-3 gallery-size-thumbnail'><dl class='gallery-item'>\n\t\t\t<dt class='gallery-icon landscape'>\n\t\t\t\t<a href='https:\/\/lacvertplage.fr\/wp-content\/uploads\/2023\/05\/Photo-010-popup.jpg' title=\"Photo 010 [popup]\" data-rl_title=\"Photo 010 [popup]\" class=\"rl-gallery-link\" data-rl_caption=\"Photo 010 [popup]\" data-rel=\"lightbox-gallery-6\"><img loading=\"lazy\" decoding=\"async\" width=\"150\" height=\"150\" src=\"https:\/\/lacvertplage.fr\/wp-content\/uploads\/2023\/05\/Photo-010-popup-150x150.jpg\" class=\"attachment-thumbnail size-thumbnail\" alt=\"\" aria-describedby=\"gallery-6-734\" \/><\/a>\n\t\t\t<\/dt>\n\t\t\t\t<dd class='wp-caption-text gallery-caption' id='gallery-6-734'>\n\t\t\t\tChalet Gu\u00eapier\n\t\t\t\t<\/dd><\/dl><dl class='gallery-item'>\n\t\t\t<dt class='gallery-icon landscape'>\n\t\t\t\t<a href='https:\/\/lacvertplage.fr\/wp-content\/uploads\/2023\/05\/Photo-001-scaled-e1683557470591.jpg' title=\"Photo 001\" data-rl_title=\"Photo 001\" class=\"rl-gallery-link\" data-rl_caption=\"Photo 001\" data-rel=\"lightbox-gallery-6\"><img loading=\"lazy\" decoding=\"async\" width=\"150\" height=\"150\" src=\"https:\/\/lacvertplage.fr\/wp-content\/uploads\/2023\/05\/Photo-001-scaled-e1683557470591-150x150.jpg\" class=\"attachment-thumbnail size-thumbnail\" alt=\"\" aria-describedby=\"gallery-6-729\" \/><\/a>\n\t\t\t<\/dt>\n\t\t\t\t<dd class='wp-caption-text gallery-caption' id='gallery-6-729'>\n\t\t\t\tChalet Gu\u00eapier s\u00e9jour\n\t\t\t\t<\/dd><\/dl><dl class='gallery-item'>\n\t\t\t<dt class='gallery-icon landscape'>\n\t\t\t\t<a href='https:\/\/lacvertplage.fr\/wp-content\/uploads\/2023\/05\/Photo-002-scaled.jpg' title=\"Photo 002\" data-rl_title=\"Photo 002\" class=\"rl-gallery-link\" data-rl_caption=\"Photo 002\" data-rel=\"lightbox-gallery-6\"><img loading=\"lazy\" decoding=\"async\" width=\"150\" height=\"150\" src=\"https:\/\/lacvertplage.fr\/wp-content\/uploads\/2023\/05\/Photo-002-150x150.jpg\" class=\"attachment-thumbnail size-thumbnail\" alt=\"\" aria-describedby=\"gallery-6-731\" \/><\/a>\n\t\t\t<\/dt>\n\t\t\t\t<dd class='wp-caption-text gallery-caption' id='gallery-6-731'>\n\t\t\t\tChalet Gu\u00eapier chambre parents\n\t\t\t\t<\/dd><\/dl><br style=\"clear: both\" \/><dl class='gallery-item'>\n\t\t\t<dt class='gallery-icon portrait'>\n\t\t\t\t<a href='https:\/\/lacvertplage.fr\/wp-content\/uploads\/2023\/05\/Photo-006-1024x768-site-web.jpg' title=\"Photo 006 [1024&#215;768 site web]\" data-rl_title=\"Photo 006 [1024&#215;768 site web]\" class=\"rl-gallery-link\" data-rl_caption=\"Photo 006 [1024&#215;768 site web]\" data-rel=\"lightbox-gallery-6\"><img loading=\"lazy\" decoding=\"async\" width=\"150\" height=\"150\" src=\"https:\/\/lacvertplage.fr\/wp-content\/uploads\/2023\/05\/Photo-006-1024x768-site-web-150x150.jpg\" class=\"attachment-thumbnail size-thumbnail\" alt=\"\" aria-describedby=\"gallery-6-732\" \/><\/a>\n\t\t\t<\/dt>\n\t\t\t\t<dd class='wp-caption-text gallery-caption' id='gallery-6-732'>\n\t\t\t\tChalet Gu\u00eapier salle de bain\n\t\t\t\t<\/dd><\/dl><dl class='gallery-item'>\n\t\t\t<dt class='gallery-icon landscape'>\n\t\t\t\t<a href='https:\/\/lacvertplage.fr\/wp-content\/uploads\/2023\/05\/Photo-007-scaled-e1683557612856.jpg' title=\"Photo 007\" data-rl_title=\"Photo 007\" class=\"rl-gallery-link\" data-rl_caption=\"Photo 007\" data-rel=\"lightbox-gallery-6\"><img loading=\"lazy\" decoding=\"async\" width=\"150\" height=\"150\" src=\"https:\/\/lacvertplage.fr\/wp-content\/uploads\/2023\/05\/Photo-007-scaled-e1683557612856-150x150.jpg\" class=\"attachment-thumbnail size-thumbnail\" alt=\"\" aria-describedby=\"gallery-6-733\" \/><\/a>\n\t\t\t<\/dt>\n\t\t\t\t<dd class='wp-caption-text gallery-caption' id='gallery-6-733'>\n\t\t\t\tChalet Gu\u00eapier cuisine\n\t\t\t\t<\/dd><\/dl><dl class='gallery-item'>\n\t\t\t<dt class='gallery-icon landscape'>\n\t\t\t\t<a href='https:\/\/lacvertplage.fr\/wp-content\/uploads\/2023\/05\/chalet-5-personnes-cbres-80-scaled-e1683557322228.jpg' title=\"chalet 5 personnes cbres 80\" data-rl_title=\"chalet 5 personnes cbres 80\" class=\"rl-gallery-link\" data-rl_caption=\"chalet 5 personnes cbres 80\" data-rel=\"lightbox-gallery-6\"><img loading=\"lazy\" decoding=\"async\" width=\"150\" height=\"150\" src=\"https:\/\/lacvertplage.fr\/wp-content\/uploads\/2023\/05\/chalet-5-personnes-cbres-80-scaled-e1683557322228-150x150.jpg\" class=\"attachment-thumbnail size-thumbnail\" alt=\"\" aria-describedby=\"gallery-6-724\" \/><\/a>\n\t\t\t<\/dt>\n\t\t\t\t<dd class='wp-caption-text gallery-caption' id='gallery-6-724'>\n\t\t\t\tChalet Gu\u00eapier chambre enfants\n\t\t\t\t<\/dd><\/dl><br style=\"clear: both\" \/>\n\t\t<\/div>\n\r\n<p style=\"text-align: center;\">\u00a0<\/p>\r\n<p style=\"text-align: center;\"><span style=\"color: #800080;\"><b>\u00ab\u00a0Le Gu\u00eapier\u00a0\u00bb\u00a0<\/b><\/span><b> Chalet 3 chambres<\/b><\/p>\r\n<p style=\"text-align: center;\">\r\n\r\n<\/p>\r\n<p style=\"text-align: center;\"><span style=\"color: #339966;\"><span style=\"color: #339966;\"><b>Un peu ancien mais pr\u00eat \u00e0 vous accueillir le Gu\u00eapier id\u00e9al pour la famille\u00a0<\/b><\/span><\/span><\/p>\r\n<p style=\"text-align: center;\">\u00a0<\/p>\r\n<p style=\"text-align: center;\">6 personnes, 1 chambre avec lit double 140X190 cm, 1 chambre avec lit double 130X190cm et 1 chambre avec 2 lits simple 80X190 cm dont 1 en hauteur, oreillers et couvertures fournis.<\/p>\r\n<p style=\"text-align: center;\">1 espace cuisine avec 1 r\u00e9frig\u00e9rateur Table top 114l, 2 feux gaz, 1 micro-ondes, 1 cafeti\u00e8re \u00e9lectrique, vaisselle et casseroles, couverts ajust\u00e9s au nombre de personnes.\u00a0<\/p>\r\n<p style=\"text-align: center;\">Salle de bain : cabine de douche et WC .<\/p>\r\n<p style=\"text-align: center;\">Terrasse couverte avec salon de jardin.<\/p>\r\n<p style=\"text-align: center;\"><div class=\"rl-gallery-container rl-loading\" id=\"rl-gallery-container-7\" data-gallery_id=\"816\"> <div class=\"rl-gallery rl-basicgrid-gallery rl-hover-effect-1\" id=\"rl-gallery-7\" data-gallery_no=\"7\"> <div class=\"rl-gallery-item\"><a href=\"https:\/\/lacvertplage.fr\/wp-content\/uploads\/2023\/06\/Sejour-Guepier-6-pers-scaled.jpg\" title=\"S\u00e9jour Gu\u00eapier 6 pers\" data-rl_title=\"S\u00e9jour Gu\u00eapier 6 pers\" class=\"rl-gallery-link\" data-rl_caption=\"S\u00e9jour Gu\u00eapier 6 pers\" data-rel=\"lightbox-gallery-7\"><img loading=\"lazy\" decoding=\"async\" src=\"https:\/\/lacvertplage.fr\/wp-content\/uploads\/2023\/06\/Sejour-Guepier-6-pers-300x225.jpg\" width=\"300\" height=\"225\" alt=\"\" \/><span class=\"rl-gallery-caption\"><span class=\"rl-gallery-item-title\">S\u00e9jour Gu\u00eapier 6 pers<\/span><span class=\"rl-gallery-item-caption\">S\u00e9jour Gu\u00eapier 6 pers<\/span><\/span><\/a><\/div><div class=\"rl-gallery-item\"><a href=\"https:\/\/lacvertplage.fr\/wp-content\/uploads\/2023\/06\/sejour-cuisine-Guepier-6-pers-scaled.jpg\" title=\"sejour cuisine Gu\u00eapier 6 pers\" data-rl_title=\"sejour cuisine Gu\u00eapier 6 pers\" class=\"rl-gallery-link\" data-rl_caption=\"sejour cuisine Gu\u00eapier 6 pers\" data-rel=\"lightbox-gallery-7\"><img loading=\"lazy\" decoding=\"async\" src=\"https:\/\/lacvertplage.fr\/wp-content\/uploads\/2023\/06\/sejour-cuisine-Guepier-6-pers-300x225.jpg\" width=\"300\" height=\"225\" alt=\"\" \/><span class=\"rl-gallery-caption\"><span class=\"rl-gallery-item-title\">sejour cuisine Gu\u00eapier 6 pers<\/span><span class=\"rl-gallery-item-caption\">sejour cuisine Gu\u00eapier 6 pers<\/span><\/span><\/a><\/div><div class=\"rl-gallery-item\"><a href=\"https:\/\/lacvertplage.fr\/wp-content\/uploads\/2023\/06\/DSC00091-scaled.jpg\" title=\"DSC00091\" data-rl_title=\"DSC00091\" class=\"rl-gallery-link\" data-rl_caption=\"DSC00091\" data-rel=\"lightbox-gallery-7\"><img loading=\"lazy\" decoding=\"async\" src=\"https:\/\/lacvertplage.fr\/wp-content\/uploads\/2023\/06\/DSC00091-300x225.jpg\" width=\"300\" height=\"225\" alt=\"\" \/><span class=\"rl-gallery-caption\"><span class=\"rl-gallery-item-title\">DSC00091<\/span><span class=\"rl-gallery-item-caption\">DSC00091<\/span><\/span><\/a><\/div><div class=\"rl-gallery-item\"><a href=\"https:\/\/lacvertplage.fr\/wp-content\/uploads\/2023\/06\/Chambre-lit-130-Guepier-6-pers-1-scaled.jpg\" title=\"Chambre lit 130 Gu\u00eapier 6 pers\" data-rl_title=\"Chambre lit 130 Gu\u00eapier 6 pers\" class=\"rl-gallery-link\" data-rl_caption=\"Chambre lit 130 Gu\u00eapier 6 pers\" data-rel=\"lightbox-gallery-7\"><img loading=\"lazy\" decoding=\"async\" src=\"https:\/\/lacvertplage.fr\/wp-content\/uploads\/2023\/06\/Chambre-lit-130-Guepier-6-pers-1-300x225.jpg\" width=\"300\" height=\"225\" alt=\"\" \/><span class=\"rl-gallery-caption\"><span class=\"rl-gallery-item-title\">Chambre lit 130 Gu\u00eapier 6 pers<\/span><span class=\"rl-gallery-item-caption\">Chambre lit 130 Gu\u00eapier 6 pers<\/span><\/span><\/a><\/div><div class=\"rl-gallery-item\"><a href=\"https:\/\/lacvertplage.fr\/wp-content\/uploads\/2023\/06\/Chambre-sup-Guepier-6-pers-1-1-scaled.jpg\" title=\"Chambre sup Gu\u00eapier 6 pers\" data-rl_title=\"Chambre sup Gu\u00eapier 6 pers\" class=\"rl-gallery-link\" data-rl_caption=\"Chambre sup Gu\u00eapier 6 pers\" data-rel=\"lightbox-gallery-7\"><img loading=\"lazy\" decoding=\"async\" src=\"https:\/\/lacvertplage.fr\/wp-content\/uploads\/2023\/06\/Chambre-sup-Guepier-6-pers-1-1-300x225.jpg\" width=\"300\" height=\"225\" alt=\"\" \/><span class=\"rl-gallery-caption\"><span class=\"rl-gallery-item-title\">Chambre sup Gu\u00eapier 6 pers<\/span><span class=\"rl-gallery-item-caption\">Chambre sup Gu\u00eapier 6 pers<\/span><\/span><\/a><\/div><div class=\"rl-gallery-item\"><a href=\"https:\/\/lacvertplage.fr\/wp-content\/uploads\/2023\/06\/SDB-WC-Guepier-6-pers-1-scaled.jpg\" title=\"SDB WC Gu\u00eapier 6 pers\" data-rl_title=\"SDB WC Gu\u00eapier 6 pers\" class=\"rl-gallery-link\" data-rl_caption=\"SDB WC Gu\u00eapier 6 pers\" data-rel=\"lightbox-gallery-7\"><img loading=\"lazy\" decoding=\"async\" src=\"https:\/\/lacvertplage.fr\/wp-content\/uploads\/2023\/06\/SDB-WC-Guepier-6-pers-1-300x225.jpg\" width=\"300\" height=\"225\" alt=\"\" \/><span class=\"rl-gallery-caption\"><span class=\"rl-gallery-item-title\">SDB WC Gu\u00eapier 6 pers<\/span><span class=\"rl-gallery-item-caption\">SDB WC Gu\u00eapier 6 pers<\/span><\/span><\/a><\/div><div class=\"rl-gallery-item\"><a href=\"https:\/\/lacvertplage.fr\/wp-content\/uploads\/2023\/06\/SDB-Guepier-6-pers-scaled.jpg\" title=\"SDB Gu\u00eapier 6 pers\" data-rl_title=\"SDB Gu\u00eapier 6 pers\" class=\"rl-gallery-link\" data-rl_caption=\"SDB Gu\u00eapier 6 pers\" data-rel=\"lightbox-gallery-7\"><img loading=\"lazy\" decoding=\"async\" src=\"https:\/\/lacvertplage.fr\/wp-content\/uploads\/2023\/06\/SDB-Guepier-6-pers-300x225.jpg\" width=\"300\" height=\"225\" alt=\"\" \/><span class=\"rl-gallery-caption\"><span class=\"rl-gallery-item-title\">SDB Gu\u00eapier 6 pers<\/span><span class=\"rl-gallery-item-caption\">SDB Gu\u00eapier 6 pers<\/span><\/span><\/a><\/div> <\/div> <\/div><\/p>\r\n<p>&nbsp;<\/p>\r\n\r\n<div id=\"ConstellationCalendarContainerdd417d07-c1bd-4cbb-b5db-b335cafab59d\" style=\"width: 100%; text-align: center;\" title=\"Base de loisirs du lac vert plage\" data-id-projet=\"dd417d07c1bd4cbbb5dbb335cafab59d\">\u00a0<\/div>\r\n<p><script type=\"text\/javascript\" src=\"https:\/\/reservation.elloha.com\/Scripts\/widget-loader.min.js?v=39\"><\/script> <script type=\"text\/javascript\">var constellationWidgetUrldd417d07c1bd4cbbb5dbb335cafab59d, constellationTypeModuledd417d07c1bd4cbbb5dbb335cafab59d; constellationWidgetUrldd417d07c1bd4cbbb5dbb335cafab59d = 'https:\/\/reservation.elloha.com\/Widget\/BookingCalendar\/dd417d07-c1bd-4cbb-b5db-b335cafab59d?idoi=16c7ecd6-3190-4586-a38b-4c5c521f0f60'; constellationTypeModuledd417d07c1bd4cbbb5dbb335cafab59d=2; constellationBookingCalendarLoad('ConstellationCalendarContainerdd417d07-c1bd-4cbb-b5db-b335cafab59d'); constellationWidgetAddEvent(window, \"resize\", function () { constellationWidgetSetAppearance('ConstellationCalendarContainerdd417d07-c1bd-4cbb-b5db-b335cafab59d'); });<\/script><\/p>\r\n\r\n\r\n<div class=\"wp-block-image\">\r\n<figure class=\"aligncenter size-large\"><a href=\"https:\/\/lacvertplage.fr\/wp-content\/uploads\/2016\/02\/chalet-access-gitotel.jpg\" data-rel=\"lightbox-gallery-ptiwkUtj\" data-rl_title=\"Chalet pour les personnes \u00e0 mobilit\u00e9 r\u00e9duite\" data-rl_caption=\"Chalet pour les personnes \u00e0 mobilit\u00e9 r\u00e9duite\" title=\"Chalet pour les personnes \u00e0 mobilit\u00e9 r\u00e9duite\"><img loading=\"lazy\" decoding=\"async\" width=\"331\" height=\"172\" class=\"wp-image-302\" src=\"https:\/\/lacvertplage.fr\/wp-content\/uploads\/2016\/02\/chalet-access-gitotel.jpg\" alt=\"Chalet pour les personnes \u00e0 mobilit\u00e9 r\u00e9duite - Meuse - Lorraine\" srcset=\"https:\/\/lacvertplage.fr\/wp-content\/uploads\/2016\/02\/chalet-access-gitotel.jpg 331w, https:\/\/lacvertplage.fr\/wp-content\/uploads\/2016\/02\/chalet-access-gitotel-300x156.jpg 300w\" sizes=\"auto, (max-width: 331px) 100vw, 331px\" \/><\/a><\/figure>\r\n<\/div>\r\n\r\n\r\n<ul>\r\n<li style=\"text-align: justify;\">\u00a0<\/li>\r\n<\/ul>\r\n<p style=\"text-align: justify;\"><a title=\"Nos tarifs\" href=\"http:\/\/lacvertplage.fr\/sejournez-au-lac-vert\/tarifs\/\">Consultez nos tarifs<\/a><\/p>\r\n\r\n\r\n\r\n<h2 class=\"wp-block-heading\">\u00a0<\/h2>\r\n\r\n<p style=\"text-align: justify;\">\u00a0<\/p>\r\n<p style=\"text-align: justify;\"><a title=\"Nos tarifs\" href=\"http:\/\/lacvertplage.fr\/sejournez-au-lac-vert\/tarifs\/\">Consultez nos tarifs<\/a><\/p>","protected":false},"excerpt":{"rendered":"<p>Unsere Chalets: Unser Campingplatz am Gr\u00fcnen See bietet Ihnen auch die M\u00f6glichkeit, Chalets zu mieten. Am rechten Ufer des Sees gelegen, k\u00f6nnen 18 Chalets Sie mit der Familie oder mit Freunden empfangen. <a class=\"more-link\" href=\"https:\/\/lacvertplage.fr\/de\/sejournez-au-lac-vert\/locations-de-chalets-lac-vert\/\">Weiterlesen \u2192.<\/a><\/p>","protected":false},"author":1,"featured_media":0,"parent":18,"menu_order":0,"comment_status":"closed","ping_status":"closed","template":"","meta":{"_monsterinsights_skip_tracking":false,"_monsterinsights_sitenote_active":false,"_monsterinsights_sitenote_note":"","_monsterinsights_sitenote_category":0,"_uf_show_specific_survey":0,"_uf_disable_surveys":false,"footnotes":""},"class_list":["post-27","page","type-page","status-publish","hentry","semantictags-bebe","semantictags-enfants","semantictags-famille","semantictags-grands-parents","semantictags-lac-vert-doulcon","semantictags-lac-vert-dun-sur-meuse","semantictags-lac-vert-plage-doulcon","semantictags-location-chalet","semantictags-location-chalet-en-famille","semantictags-location-chalet-lac-vert-55","semantictags-location-chalet-lac-vert-en-meuse","semantictags-locations-de-chalets","semantictags-parents","semantictags-sejour","semantictags-sejour-en-base-de-loisirs","semantictags-sejour-en-famille","semantictags-sejour-en-famille-au-lac-vert-a-doulcon","semantictags-vacances-au-lac-vert","semantictags-vacances-en-camping","semantictags-vacances-en-famille","semantictags-vacances-en-lorraine"],"aioseo_notices":[],"yoast_head":"<!-- This site is optimized with the Yoast SEO plugin v27.3 - https:\/\/yoast.com\/product\/yoast-seo-wordpress\/ -->\n<title>Locations de chalets - Base de loisirs du Lac Vert - Meuse<\/title>\n<meta name=\"description\" content=\"Locations de chalets au bord du lac vert \u00e0 Doulcon, Dun-sur-Meuse. Passez des vacances en famille ou entre amis \u00e0 la base de loisirs du lac vert en Meuse.\" \/>\n<meta name=\"robots\" content=\"index, follow, max-snippet:-1, max-image-preview:large, max-video-preview:-1\" \/>\n<link rel=\"canonical\" href=\"https:\/\/lacvertplage.fr\/de\/sejournez-au-lac-vert\/locations-de-chalets-lac-vert\/\" \/>\n<meta property=\"og:locale\" content=\"de_DE\" \/>\n<meta property=\"og:type\" content=\"article\" \/>\n<meta property=\"og:title\" content=\"Locations de chalets - Base de loisirs du Lac Vert - Meuse\" \/>\n<meta property=\"og:description\" content=\"Locations de chalets au bord du lac vert \u00e0 Doulcon, Dun-sur-Meuse. Passez des vacances en famille ou entre amis \u00e0 la base de loisirs du lac vert en Meuse.\" \/>\n<meta property=\"og:url\" content=\"https:\/\/lacvertplage.fr\/de\/sejournez-au-lac-vert\/locations-de-chalets-lac-vert\/\" \/>\n<meta property=\"og:site_name\" content=\"Base de Loisirs du Lac Vert Plage\" \/>\n<meta property=\"article:modified_time\" content=\"2024-08-01T06:48:10+00:00\" \/>\n<meta property=\"og:image\" content=\"https:\/\/lacvertplage.fr\/wp-content\/uploads\/2023\/05\/Photo-010-popup-150x150.jpg\" \/>\n<meta name=\"twitter:label1\" content=\"Gesch\u00e4tzte Lesezeit\" \/>\n\t<meta name=\"twitter:data1\" content=\"6\u00a0Minuten\" \/>\n<script type=\"application\/ld+json\" class=\"yoast-schema-graph\">{\"@context\":\"https:\\\/\\\/schema.org\",\"@graph\":[{\"@type\":\"WebPage\",\"@id\":\"https:\\\/\\\/lacvertplage.fr\\\/sejournez-au-lac-vert\\\/locations-de-chalets-lac-vert\\\/\",\"url\":\"https:\\\/\\\/lacvertplage.fr\\\/sejournez-au-lac-vert\\\/locations-de-chalets-lac-vert\\\/\",\"name\":\"Locations de chalets - Base de loisirs du Lac Vert - Meuse\",\"isPartOf\":{\"@id\":\"https:\\\/\\\/lacvertplage.fr\\\/#website\"},\"primaryImageOfPage\":{\"@id\":\"https:\\\/\\\/lacvertplage.fr\\\/sejournez-au-lac-vert\\\/locations-de-chalets-lac-vert\\\/#primaryimage\"},\"image\":{\"@id\":\"https:\\\/\\\/lacvertplage.fr\\\/sejournez-au-lac-vert\\\/locations-de-chalets-lac-vert\\\/#primaryimage\"},\"thumbnailUrl\":\"https:\\\/\\\/lacvertplage.fr\\\/wp-content\\\/uploads\\\/2023\\\/05\\\/TERRASSE-225x300.jpg\",\"datePublished\":\"2014-11-13T10:30:07+00:00\",\"dateModified\":\"2024-08-01T06:48:10+00:00\",\"description\":\"Locations de chalets au bord du lac vert \u00e0 Doulcon, Dun-sur-Meuse. Passez des vacances en famille ou entre amis \u00e0 la base de loisirs du lac vert en Meuse.\",\"breadcrumb\":{\"@id\":\"https:\\\/\\\/lacvertplage.fr\\\/sejournez-au-lac-vert\\\/locations-de-chalets-lac-vert\\\/#breadcrumb\"},\"inLanguage\":\"de\",\"potentialAction\":[{\"@type\":\"ReadAction\",\"target\":[\"https:\\\/\\\/lacvertplage.fr\\\/sejournez-au-lac-vert\\\/locations-de-chalets-lac-vert\\\/\"]}]},{\"@type\":\"ImageObject\",\"inLanguage\":\"de\",\"@id\":\"https:\\\/\\\/lacvertplage.fr\\\/sejournez-au-lac-vert\\\/locations-de-chalets-lac-vert\\\/#primaryimage\",\"url\":\"https:\\\/\\\/lacvertplage.fr\\\/wp-content\\\/uploads\\\/2023\\\/05\\\/TERRASSE-225x300.jpg\",\"contentUrl\":\"https:\\\/\\\/lacvertplage.fr\\\/wp-content\\\/uploads\\\/2023\\\/05\\\/TERRASSE-225x300.jpg\"},{\"@type\":\"BreadcrumbList\",\"@id\":\"https:\\\/\\\/lacvertplage.fr\\\/sejournez-au-lac-vert\\\/locations-de-chalets-lac-vert\\\/#breadcrumb\",\"itemListElement\":[{\"@type\":\"ListItem\",\"position\":1,\"name\":\"Accueil\",\"item\":\"https:\\\/\\\/lacvertplage.fr\\\/\"},{\"@type\":\"ListItem\",\"position\":2,\"name\":\"S\u00e9journez au Lac Vert\",\"item\":\"https:\\\/\\\/lacvertplage.fr\\\/fr\\\/sejournez-au-lac-vert\\\/\"},{\"@type\":\"ListItem\",\"position\":3,\"name\":\"Locations de chalets \u00e0 la base de loisirs du lac vert\"}]},{\"@type\":\"WebSite\",\"@id\":\"https:\\\/\\\/lacvertplage.fr\\\/#website\",\"url\":\"https:\\\/\\\/lacvertplage.fr\\\/\",\"name\":\"Base de Loisirs du Lac Vert Plage\",\"description\":\"\u00e0 Doulcon dans le Val Dunois en Meuse Lorraine\",\"potentialAction\":[{\"@type\":\"SearchAction\",\"target\":{\"@type\":\"EntryPoint\",\"urlTemplate\":\"https:\\\/\\\/lacvertplage.fr\\\/?s={search_term_string}\"},\"query-input\":{\"@type\":\"PropertyValueSpecification\",\"valueRequired\":true,\"valueName\":\"search_term_string\"}}],\"inLanguage\":\"de\"}]}<\/script>\n<!-- \/ Yoast SEO plugin. -->","yoast_head_json":{"title":"Locations de chalets - Base de loisirs du Lac Vert - Meuse","description":"Locations de chalets au bord du lac vert \u00e0 Doulcon, Dun-sur-Meuse. Passez des vacances en famille ou entre amis \u00e0 la base de loisirs du lac vert en Meuse.","robots":{"index":"index","follow":"follow","max-snippet":"max-snippet:-1","max-image-preview":"max-image-preview:large","max-video-preview":"max-video-preview:-1"},"canonical":"https:\/\/lacvertplage.fr\/de\/sejournez-au-lac-vert\/locations-de-chalets-lac-vert\/","og_locale":"de_DE","og_type":"article","og_title":"Locations de chalets - Base de loisirs du Lac Vert - Meuse","og_description":"Locations de chalets au bord du lac vert \u00e0 Doulcon, Dun-sur-Meuse. Passez des vacances en famille ou entre amis \u00e0 la base de loisirs du lac vert en Meuse.","og_url":"https:\/\/lacvertplage.fr\/de\/sejournez-au-lac-vert\/locations-de-chalets-lac-vert\/","og_site_name":"Base de Loisirs du Lac Vert Plage","article_modified_time":"2024-08-01T06:48:10+00:00","og_image":[{"url":"https:\/\/lacvertplage.fr\/wp-content\/uploads\/2023\/05\/Photo-010-popup-150x150.jpg","type":"","width":"","height":""}],"twitter_misc":{"Gesch\u00e4tzte Lesezeit":"6\u00a0Minuten"},"schema":{"@context":"https:\/\/schema.org","@graph":[{"@type":"WebPage","@id":"https:\/\/lacvertplage.fr\/sejournez-au-lac-vert\/locations-de-chalets-lac-vert\/","url":"https:\/\/lacvertplage.fr\/sejournez-au-lac-vert\/locations-de-chalets-lac-vert\/","name":"Locations de chalets - Base de loisirs du Lac Vert - Meuse","isPartOf":{"@id":"https:\/\/lacvertplage.fr\/#website"},"primaryImageOfPage":{"@id":"https:\/\/lacvertplage.fr\/sejournez-au-lac-vert\/locations-de-chalets-lac-vert\/#primaryimage"},"image":{"@id":"https:\/\/lacvertplage.fr\/sejournez-au-lac-vert\/locations-de-chalets-lac-vert\/#primaryimage"},"thumbnailUrl":"https:\/\/lacvertplage.fr\/wp-content\/uploads\/2023\/05\/TERRASSE-225x300.jpg","datePublished":"2014-11-13T10:30:07+00:00","dateModified":"2024-08-01T06:48:10+00:00","description":"Locations de chalets au bord du lac vert \u00e0 Doulcon, Dun-sur-Meuse. Passez des vacances en famille ou entre amis \u00e0 la base de loisirs du lac vert en Meuse.","breadcrumb":{"@id":"https:\/\/lacvertplage.fr\/sejournez-au-lac-vert\/locations-de-chalets-lac-vert\/#breadcrumb"},"inLanguage":"de","potentialAction":[{"@type":"ReadAction","target":["https:\/\/lacvertplage.fr\/sejournez-au-lac-vert\/locations-de-chalets-lac-vert\/"]}]},{"@type":"ImageObject","inLanguage":"de","@id":"https:\/\/lacvertplage.fr\/sejournez-au-lac-vert\/locations-de-chalets-lac-vert\/#primaryimage","url":"https:\/\/lacvertplage.fr\/wp-content\/uploads\/2023\/05\/TERRASSE-225x300.jpg","contentUrl":"https:\/\/lacvertplage.fr\/wp-content\/uploads\/2023\/05\/TERRASSE-225x300.jpg"},{"@type":"BreadcrumbList","@id":"https:\/\/lacvertplage.fr\/sejournez-au-lac-vert\/locations-de-chalets-lac-vert\/#breadcrumb","itemListElement":[{"@type":"ListItem","position":1,"name":"Accueil","item":"https:\/\/lacvertplage.fr\/"},{"@type":"ListItem","position":2,"name":"S\u00e9journez au Lac Vert","item":"https:\/\/lacvertplage.fr\/fr\/sejournez-au-lac-vert\/"},{"@type":"ListItem","position":3,"name":"Locations de chalets \u00e0 la base de loisirs du lac vert"}]},{"@type":"WebSite","@id":"https:\/\/lacvertplage.fr\/#website","url":"https:\/\/lacvertplage.fr\/","name":"Base de Loisirs du Lac Vert Plage","description":"in Doulcon im Val Dunois in Meuse Lorraine","potentialAction":[{"@type":"SearchAction","target":{"@type":"EntryPoint","urlTemplate":"https:\/\/lacvertplage.fr\/?s={search_term_string}"},"query-input":{"@type":"PropertyValueSpecification","valueRequired":true,"valueName":"search_term_string"}}],"inLanguage":"de"}]}},"_links":{"self":[{"href":"https:\/\/lacvertplage.fr\/de\/wp-json\/wp\/v2\/pages\/27","targetHints":{"allow":["GET"]}}],"collection":[{"href":"https:\/\/lacvertplage.fr\/de\/wp-json\/wp\/v2\/pages"}],"about":[{"href":"https:\/\/lacvertplage.fr\/de\/wp-json\/wp\/v2\/types\/page"}],"author":[{"embeddable":true,"href":"https:\/\/lacvertplage.fr\/de\/wp-json\/wp\/v2\/users\/1"}],"replies":[{"embeddable":true,"href":"https:\/\/lacvertplage.fr\/de\/wp-json\/wp\/v2\/comments?post=27"}],"version-history":[{"count":59,"href":"https:\/\/lacvertplage.fr\/de\/wp-json\/wp\/v2\/pages\/27\/revisions"}],"predecessor-version":[{"id":908,"href":"https:\/\/lacvertplage.fr\/de\/wp-json\/wp\/v2\/pages\/27\/revisions\/908"}],"up":[{"embeddable":true,"href":"https:\/\/lacvertplage.fr\/de\/wp-json\/wp\/v2\/pages\/18"}],"wp:attachment":[{"href":"https:\/\/lacvertplage.fr\/de\/wp-json\/wp\/v2\/media?parent=27"}],"curies":[{"name":"wp","href":"https:\/\/api.w.org\/{rel}","templated":true}]}}