{"id":23,"date":"2014-11-13T10:11:20","date_gmt":"2014-11-13T10:11:20","guid":{"rendered":"http:\/\/lacvertplage.fr\/?page_id=23"},"modified":"2024-07-25T16:13:19","modified_gmt":"2024-07-25T16:13:19","slug":"camping-lac-vert-doulcon","status":"publish","type":"page","link":"https:\/\/lacvertplage.fr\/de\/sejournez-au-lac-vert\/camping-lac-vert-doulcon\/","title":{"rendered":"Campingplatz du Lac Vert"},"content":{"rendered":"<h2 class=\"wp-block-heading\">Unsere Standorte :<\/h2>\r\n\r\n\r\n\r\n<div class=\"wp-block-columns is-layout-flex wp-container-core-columns-is-layout-9d6595d7 wp-block-columns-is-layout-flex\">\r\n<div class=\"wp-block-column is-layout-flow wp-block-column-is-layout-flow\" style=\"flex-basis: 33.33%;\">\r\n<figure class=\"wp-block-image size-large\"><a href=\"https:\/\/lacvertplage.fr\/wp-content\/uploads\/2014\/11\/campings.jpg\" data-rel=\"lightbox-gallery-48DHADjA\" data-rl_title=\"Camping lac vert plage meuse\" data-rl_caption=\"Camping lac vert plage meuse\" title=\"Campingplatz gr\u00fcner see strand meuse\"><img loading=\"lazy\" decoding=\"async\" width=\"300\" height=\"225\" class=\"wp-image-53\" src=\"https:\/\/lacvertplage.fr\/wp-content\/uploads\/2014\/11\/campings.jpg\" alt=\"Camping 2 \u00e9toiles dun sur meuse\" \/><\/a><\/figure>\r\n<\/div>\r\n\r\n\r\n\r\n<div class=\"wp-block-column is-layout-flow wp-block-column-is-layout-flow\" style=\"flex-basis: 66.66%;\">\r\n<p style=\"text-align: justify;\">Wir bieten Ihnen 431 Stellpl\u00e4tze, die von 70 bis 150 m reichen.<sup>2<\/sup>\u00a0<\/p>\r\n<p style=\"text-align: justify;\">131 Freizeit 292 Tourismus<\/p>\r\n<p style=\"text-align: justify;\">Die 431 Stellpl\u00e4tze verteilen sich wie folgt: 372 Stellpl\u00e4tze ohne Sanit\u00e4ranlagen 51 Stellpl\u00e4tze mit Sanit\u00e4ranlagen, davon 18 Mietunterk\u00fcnfte, wir haben auch 8 Stellpl\u00e4tze f\u00fcr Wohnmobile.\u00a0\u00a0<\/p>\r\n<p style=\"text-align: justify;\">ab <a title=\"Unsere Preise\" href=\"http:\/\/lacvertplage.fr\/de\/sejournez-au-lac-vert\/tarifs\/\">11.50 \u20ac pro Nacht<\/a>. Ob mit dem Zelt oder dem Wohnwagen, wachen Sie inmitten des sanften Val Dunois auf einem erholsamen Platz auf. In der Kleinstadt Dun-sur-Meuse k\u00f6nnen Sie sich am Morgen warme Croissants und frisches Brot in der B\u00e4ckerei holen, die nur wenige Schritte vom Campingplatz entfernt ist.<\/p>\r\n<\/div>\r\n<\/div>\r\n\r\n\r\n\r\n<h2 class=\"wp-block-heading\">Camper :<\/h2>\r\n\r\n<p style=\"text-align: justify;\">W\u00e4hlen Sie den Standort, der Ihnen am besten gef\u00e4llt. Familien mit kleinen Kindern bevorzugen vielleicht die Mitte des Platzes, ganz in der N\u00e4he der Sanit\u00e4ranlagen und des Spielplatzes. Andere ziehen vielleicht den hinteren Teil des Platzes vor, von dem aus man leicht zum See gelangt, um zu angeln, um den See zu wandern oder sich einfach nur auszuruhen und die Natur zu beobachten.<\/p>\r\n<p style=\"text-align: justify;\">Jeder Stellplatz kann maximal 6 Personen beherbergen.<\/p>\r\n<p style=\"text-align: justify;\">Unsere Stellpl\u00e4tze sind alle mit Strom (10 Ampere) ausgestattet. Denken Sie daran, ein Verl\u00e4ngerungskabel und einen europ\u00e4ischen Anschluss mitzubringen. Wir verf\u00fcgen \u00fcber Stellpl\u00e4tze und Sanit\u00e4ranlagen f\u00fcr Personen mit eingeschr\u00e4nkter Mobilit\u00e4t.<\/p>\r\n<p><a href=\"https:\/\/lacvertplage.fr\/wp-content\/uploads\/2024\/07\/raccordement-electrique-pour-le-camping.jpg\" data-rel=\"lightbox-gallery-48DHADjA\" data-rl_title=\"raccordement-electrique-pour-le-camping\" data-rl_caption=\"raccordement-electrique-pour-le-camping\" title=\"stromanschluss-f\u00fcr-den-campingplatz\"><img loading=\"lazy\" decoding=\"async\" class=\"alignnone  wp-image-906\" src=\"https:\/\/lacvertplage.fr\/wp-content\/uploads\/2024\/07\/raccordement-electrique-pour-le-camping-300x300.jpg\" alt=\"\" width=\"131\" height=\"131\" srcset=\"https:\/\/lacvertplage.fr\/wp-content\/uploads\/2024\/07\/raccordement-electrique-pour-le-camping-300x300.jpg 300w, https:\/\/lacvertplage.fr\/wp-content\/uploads\/2024\/07\/raccordement-electrique-pour-le-camping-150x150.jpg 150w, https:\/\/lacvertplage.fr\/wp-content\/uploads\/2024\/07\/raccordement-electrique-pour-le-camping-768x768.jpg 768w, https:\/\/lacvertplage.fr\/wp-content\/uploads\/2024\/07\/raccordement-electrique-pour-le-camping-12x12.jpg 12w, https:\/\/lacvertplage.fr\/wp-content\/uploads\/2024\/07\/raccordement-electrique-pour-le-camping.jpg 969w\" sizes=\"auto, (max-width: 131px) 100vw, 131px\" \/><\/a><\/p>\r\n<p style=\"text-align: justify;\">Minderj\u00e4hrige k\u00f6nnen keine Reservierungen vornehmen und d\u00fcrfen sich nicht alleine auf dem Campingplatz aufhalten. Sie m\u00fcssen w\u00e4hrend des gesamten Aufenthalts von ihren Eltern begleitet werden.<\/p>\r\n<p style=\"text-align: justify;\">F\u00fcr alle Personen, die auf dem Campingplatz Lac Vert Plage \u00fcbernachten m\u00f6chten, ist ein Identit\u00e4tsnachweis erforderlich.<\/p>\r\n<p style=\"text-align: justify;\">Am besten reservieren Sie einen Zeltplatz entweder telefonisch unter 03 29 80 90 38 oder auf der Seite von <a href=\"https:\/\/lacvertplage.fr\/de\/sejournez-au-lac-vert\/pre-reservation-en-ligne\/\">Vorreservierung<\/a>.<\/p>\r\n\r\n<h2 class=\"wp-block-heading\">Wohnheimbewohner oder Langzeitcamper :<\/h2>\r\n\r\n<p style=\"text-align: justify;\">Sie sind ein Fan von frischer Luft und m\u00f6chten 3 Monate, 6 Monate oder die gesamte \u00d6ffnungszeit des Campingplatzes bleiben? Gemeinsam finden wir die richtige Pauschale und den richtigen Stellplatz f\u00fcr Ihren Wunsch.<\/p>\r\n<p style=\"text-align: justify;\"><a title=\"Kontaktieren Sie uns\" href=\"https:\/\/lacvertplage.fr\/de\/contactez\/\">Kontaktieren Sie uns schnell!<\/a><\/p>\r\n\r\n<h2 class=\"wp-block-heading\">Unsere Dienstleistungen :<\/h2>\r\n\r\n<ul>\r\n<li style=\"text-align: justify;\">Unser Campingplatz verf\u00fcgt \u00fcber 6 Sanit\u00e4ranlagen mit Waschbecken, Duschen und WCs sowie Sanit\u00e4ranlagen f\u00fcr Menschen mit eingeschr\u00e4nkter Mobilit\u00e4t, die einmal am Tag gereinigt werden.<\/li>\r\n<li style=\"text-align: justify;\">Unsere Bereiche f\u00fcr W\u00e4schebeh\u00e4lter, W\u00e4schetrockner und Waschmaschine stehen Ihnen zur Verf\u00fcgung.<\/li>\r\n<li style=\"text-align: justify;\">Sie haben am Eingang des Campingplatzes einen Waschsalon mit 1 Waschmaschine (16 kg) und 2 Waschmaschinen (8 kg) sowie einen Trockner (16 kg).<\/li>\r\n<li style=\"text-align: justify;\">Um sich zu verpflegen, haben Sie in der N\u00e4he eine Snackbar mit einer Terrasse mit 60 Pl\u00e4tzen und einem au\u00dfergew\u00f6hnlichen Blick auf den Lac Vert, wo wir Sie an den Wochenenden und von Juli bis Ende August von Montag bis Sonntag begr\u00fc\u00dfen.<\/li>\r\n<li style=\"text-align: justify;\">Sie k\u00f6nnen auch in die Stadt gehen und die Partnerrestaurants entdecken.<\/li>\r\n<li style=\"text-align: justify;\">Unser Campingplatz ist mit einem sicheren und kostenlosen WLAN-Zugang auf dem gesamten Campingplatz ausgestattet.<\/li>\r\n<\/ul>\r\n\r\n<h2 class=\"wp-block-heading\">Suchen Sie einen Lebensmittelladen?<\/h2>\r\n\r\n\r\n\r\n<div class=\"wp-block-columns is-layout-flex wp-container-core-columns-is-layout-9d6595d7 wp-block-columns-is-layout-flex\">\r\n<div class=\"wp-block-column is-layout-flow wp-block-column-is-layout-flow\" style=\"flex-basis: 66.66%;\">\r\n<p style=\"text-align: justify;\">Zu Fu\u00df erreichen Sie den Supermarkt \"Coccinelle\", der montags und sonntags von 8:00 bis 19:00 Uhr ge\u00f6ffnet ist, und eine Intermarch\u00e9-Rastst\u00e4tte, die von Montag bis Samstag ge\u00f6ffnet ist. Sie bieten Ihnen alle Produkte an, die Sie f\u00fcr Ihren Aufenthalt ben\u00f6tigen.<\/p>\r\n<\/div>\r\n\r\n\r\n\r\n<div class=\"wp-block-column is-layout-flow wp-block-column-is-layout-flow\" style=\"flex-basis: 33.33%;\">\r\n<figure class=\"wp-block-image size-large\"><a href=\"https:\/\/lacvertplage.fr\/wp-content\/uploads\/2014\/11\/stationverte_logo_144px.jpg\" data-rel=\"lightbox-gallery-48DHADjA\" data-rl_title=\"station_verte_logo_144px\" data-rl_caption=\"station_verte_logo_144px\" title=\"station_verte_logo_144px\"><img loading=\"lazy\" decoding=\"async\" width=\"144\" height=\"144\" class=\"wp-image-13\" src=\"https:\/\/lacvertplage.fr\/wp-content\/uploads\/2014\/11\/stationverte_logo_144px.jpg\" alt=\"logo lac vert doulcon station verte\" \/><\/a><\/figure>\r\n<\/div>\r\n<\/div>","protected":false},"excerpt":{"rendered":"<p>Unsere Stellpl\u00e4tze : Wir bieten Ihnen 431 Stellpl\u00e4tze von 70 bis 150 m2 131 Freizeit 292 Tourismus die 431 Stellpl\u00e4tze sind wie folgt aufgeteilt: 372 Stellpl\u00e4tze ohne Sanit\u00e4ranlagen 51 Stellpl\u00e4tze <a class=\"more-link\" href=\"https:\/\/lacvertplage.fr\/de\/sejournez-au-lac-vert\/camping-lac-vert-doulcon\/\">Weiterlesen \u2192.<\/a><\/p>","protected":false},"author":1,"featured_media":0,"parent":18,"menu_order":0,"comment_status":"closed","ping_status":"closed","template":"","meta":{"_monsterinsights_skip_tracking":false,"_monsterinsights_sitenote_active":false,"_monsterinsights_sitenote_note":"","_monsterinsights_sitenote_category":0,"_uf_show_specific_survey":0,"_uf_disable_surveys":false,"footnotes":""},"class_list":["post-23","page","type-page","status-publish","hentry","semantictags-bas-e-de-loisirs-lac-vert-55","semantictags-campeurs","semantictags-camping","semantictags-camping-2-etoiles-doulcon","semantictags-camping-2-etoiles-lorraine","semantictags-camping-2-etoiles-meuse","semantictags-camping-2etoiles","semantictags-camping-doulcon","semantictags-camping-dun-sur-meuse","semantictags-camping-famille","semantictags-camping-lorraine","semantictags-camping-meuse","semantictags-camping-stenay","semantictags-lac-vert","semantictags-lac-vert-doulcon","semantictags-location-emplacement-camping-2-etoiles","semantictags-location-emplacement-camping-lac-vert","semantictags-location-emplacement-camping-lac-vert-plage","semantictags-station-verte-lac-vert-doulcon-55","semantictags-toile-de-tente"],"aioseo_notices":[],"yoast_head":"<!-- This site is optimized with the Yoast SEO plugin v27.3 - https:\/\/yoast.com\/product\/yoast-seo-wordpress\/ -->\n<title>Camping du Lac Vert pr\u00e8s de Dun-sur-Meuse - Lorraine<\/title>\n<meta name=\"description\" content=\"Le camping du Lac Vert est situ\u00e9 pr\u00e8s de Dun-sur-Meuse en Lorraine. Plus de 400 emplacements pour tentes, caravanes ou camping-cars. Class\u00e9 2 \u00e9toiles.\" \/>\n<meta name=\"robots\" content=\"index, follow, max-snippet:-1, max-image-preview:large, max-video-preview:-1\" \/>\n<link rel=\"canonical\" href=\"https:\/\/lacvertplage.fr\/de\/sejournez-au-lac-vert\/camping-lac-vert-doulcon\/\" \/>\n<meta property=\"og:locale\" content=\"de_DE\" \/>\n<meta property=\"og:type\" content=\"article\" \/>\n<meta property=\"og:title\" content=\"Camping du Lac Vert pr\u00e8s de Dun-sur-Meuse - Lorraine\" \/>\n<meta property=\"og:description\" content=\"Le camping du Lac Vert est situ\u00e9 pr\u00e8s de Dun-sur-Meuse en Lorraine. Plus de 400 emplacements pour tentes, caravanes ou camping-cars. Class\u00e9 2 \u00e9toiles.\" \/>\n<meta property=\"og:url\" content=\"https:\/\/lacvertplage.fr\/de\/sejournez-au-lac-vert\/camping-lac-vert-doulcon\/\" \/>\n<meta property=\"og:site_name\" content=\"Base de Loisirs du Lac Vert Plage\" \/>\n<meta property=\"article:modified_time\" content=\"2024-07-25T16:13:19+00:00\" \/>\n<meta property=\"og:image\" content=\"https:\/\/lacvertplage.fr\/wp-content\/uploads\/2014\/11\/campings.jpg\" \/>\n<meta name=\"twitter:label1\" content=\"Gesch\u00e4tzte Lesezeit\" \/>\n\t<meta name=\"twitter:data1\" content=\"4\u00a0Minuten\" \/>\n<script type=\"application\/ld+json\" class=\"yoast-schema-graph\">{\"@context\":\"https:\\\/\\\/schema.org\",\"@graph\":[{\"@type\":\"WebPage\",\"@id\":\"https:\\\/\\\/lacvertplage.fr\\\/sejournez-au-lac-vert\\\/camping-lac-vert-doulcon\\\/\",\"url\":\"https:\\\/\\\/lacvertplage.fr\\\/sejournez-au-lac-vert\\\/camping-lac-vert-doulcon\\\/\",\"name\":\"Camping du Lac Vert pr\u00e8s de Dun-sur-Meuse - Lorraine\",\"isPartOf\":{\"@id\":\"https:\\\/\\\/lacvertplage.fr\\\/#website\"},\"primaryImageOfPage\":{\"@id\":\"https:\\\/\\\/lacvertplage.fr\\\/sejournez-au-lac-vert\\\/camping-lac-vert-doulcon\\\/#primaryimage\"},\"image\":{\"@id\":\"https:\\\/\\\/lacvertplage.fr\\\/sejournez-au-lac-vert\\\/camping-lac-vert-doulcon\\\/#primaryimage\"},\"thumbnailUrl\":\"https:\\\/\\\/lacvertplage.fr\\\/wp-content\\\/uploads\\\/2014\\\/11\\\/campings.jpg\",\"datePublished\":\"2014-11-13T10:11:20+00:00\",\"dateModified\":\"2024-07-25T16:13:19+00:00\",\"description\":\"Le camping du Lac Vert est situ\u00e9 pr\u00e8s de Dun-sur-Meuse en Lorraine. Plus de 400 emplacements pour tentes, caravanes ou camping-cars. Class\u00e9 2 \u00e9toiles.\",\"breadcrumb\":{\"@id\":\"https:\\\/\\\/lacvertplage.fr\\\/sejournez-au-lac-vert\\\/camping-lac-vert-doulcon\\\/#breadcrumb\"},\"inLanguage\":\"de\",\"potentialAction\":[{\"@type\":\"ReadAction\",\"target\":[\"https:\\\/\\\/lacvertplage.fr\\\/sejournez-au-lac-vert\\\/camping-lac-vert-doulcon\\\/\"]}]},{\"@type\":\"ImageObject\",\"inLanguage\":\"de\",\"@id\":\"https:\\\/\\\/lacvertplage.fr\\\/sejournez-au-lac-vert\\\/camping-lac-vert-doulcon\\\/#primaryimage\",\"url\":\"https:\\\/\\\/lacvertplage.fr\\\/wp-content\\\/uploads\\\/2014\\\/11\\\/campings.jpg\",\"contentUrl\":\"https:\\\/\\\/lacvertplage.fr\\\/wp-content\\\/uploads\\\/2014\\\/11\\\/campings.jpg\"},{\"@type\":\"BreadcrumbList\",\"@id\":\"https:\\\/\\\/lacvertplage.fr\\\/sejournez-au-lac-vert\\\/camping-lac-vert-doulcon\\\/#breadcrumb\",\"itemListElement\":[{\"@type\":\"ListItem\",\"position\":1,\"name\":\"Accueil\",\"item\":\"https:\\\/\\\/lacvertplage.fr\\\/\"},{\"@type\":\"ListItem\",\"position\":2,\"name\":\"S\u00e9journez au Lac Vert\",\"item\":\"https:\\\/\\\/lacvertplage.fr\\\/fr\\\/sejournez-au-lac-vert\\\/\"},{\"@type\":\"ListItem\",\"position\":3,\"name\":\"Camping du Lac Vert\"}]},{\"@type\":\"WebSite\",\"@id\":\"https:\\\/\\\/lacvertplage.fr\\\/#website\",\"url\":\"https:\\\/\\\/lacvertplage.fr\\\/\",\"name\":\"Base de Loisirs du Lac Vert Plage\",\"description\":\"\u00e0 Doulcon dans le Val Dunois en Meuse Lorraine\",\"potentialAction\":[{\"@type\":\"SearchAction\",\"target\":{\"@type\":\"EntryPoint\",\"urlTemplate\":\"https:\\\/\\\/lacvertplage.fr\\\/?s={search_term_string}\"},\"query-input\":{\"@type\":\"PropertyValueSpecification\",\"valueRequired\":true,\"valueName\":\"search_term_string\"}}],\"inLanguage\":\"de\"}]}<\/script>\n<!-- \/ Yoast SEO plugin. -->","yoast_head_json":{"title":"Camping du Lac Vert in der N\u00e4he von Dun-sur-Meuse - Lothringen","description":"Der Campingplatz Lac Vert befindet sich in der N\u00e4he von Dun-sur-Meuse in Lothringen. Mehr als 400 Stellpl\u00e4tze f\u00fcr Zelte, Wohnwagen oder Wohnmobile. Mit 2 Sternen klassifiziert.","robots":{"index":"index","follow":"follow","max-snippet":"max-snippet:-1","max-image-preview":"max-image-preview:large","max-video-preview":"max-video-preview:-1"},"canonical":"https:\/\/lacvertplage.fr\/de\/sejournez-au-lac-vert\/camping-lac-vert-doulcon\/","og_locale":"de_DE","og_type":"article","og_title":"Camping du Lac Vert pr\u00e8s de Dun-sur-Meuse - Lorraine","og_description":"Le camping du Lac Vert est situ\u00e9 pr\u00e8s de Dun-sur-Meuse en Lorraine. Plus de 400 emplacements pour tentes, caravanes ou camping-cars. Class\u00e9 2 \u00e9toiles.","og_url":"https:\/\/lacvertplage.fr\/de\/sejournez-au-lac-vert\/camping-lac-vert-doulcon\/","og_site_name":"Base de Loisirs du Lac Vert Plage","article_modified_time":"2024-07-25T16:13:19+00:00","og_image":[{"url":"https:\/\/lacvertplage.fr\/wp-content\/uploads\/2014\/11\/campings.jpg","type":"","width":"","height":""}],"twitter_misc":{"Gesch\u00e4tzte Lesezeit":"4\u00a0Minuten"},"schema":{"@context":"https:\/\/schema.org","@graph":[{"@type":"WebPage","@id":"https:\/\/lacvertplage.fr\/sejournez-au-lac-vert\/camping-lac-vert-doulcon\/","url":"https:\/\/lacvertplage.fr\/sejournez-au-lac-vert\/camping-lac-vert-doulcon\/","name":"Camping du Lac Vert in der N\u00e4he von Dun-sur-Meuse - Lothringen","isPartOf":{"@id":"https:\/\/lacvertplage.fr\/#website"},"primaryImageOfPage":{"@id":"https:\/\/lacvertplage.fr\/sejournez-au-lac-vert\/camping-lac-vert-doulcon\/#primaryimage"},"image":{"@id":"https:\/\/lacvertplage.fr\/sejournez-au-lac-vert\/camping-lac-vert-doulcon\/#primaryimage"},"thumbnailUrl":"https:\/\/lacvertplage.fr\/wp-content\/uploads\/2014\/11\/campings.jpg","datePublished":"2014-11-13T10:11:20+00:00","dateModified":"2024-07-25T16:13:19+00:00","description":"Der Campingplatz Lac Vert befindet sich in der N\u00e4he von Dun-sur-Meuse in Lothringen. Mehr als 400 Stellpl\u00e4tze f\u00fcr Zelte, Wohnwagen oder Wohnmobile. Mit 2 Sternen klassifiziert.","breadcrumb":{"@id":"https:\/\/lacvertplage.fr\/sejournez-au-lac-vert\/camping-lac-vert-doulcon\/#breadcrumb"},"inLanguage":"de","potentialAction":[{"@type":"ReadAction","target":["https:\/\/lacvertplage.fr\/sejournez-au-lac-vert\/camping-lac-vert-doulcon\/"]}]},{"@type":"ImageObject","inLanguage":"de","@id":"https:\/\/lacvertplage.fr\/sejournez-au-lac-vert\/camping-lac-vert-doulcon\/#primaryimage","url":"https:\/\/lacvertplage.fr\/wp-content\/uploads\/2014\/11\/campings.jpg","contentUrl":"https:\/\/lacvertplage.fr\/wp-content\/uploads\/2014\/11\/campings.jpg"},{"@type":"BreadcrumbList","@id":"https:\/\/lacvertplage.fr\/sejournez-au-lac-vert\/camping-lac-vert-doulcon\/#breadcrumb","itemListElement":[{"@type":"ListItem","position":1,"name":"Accueil","item":"https:\/\/lacvertplage.fr\/"},{"@type":"ListItem","position":2,"name":"S\u00e9journez au Lac Vert","item":"https:\/\/lacvertplage.fr\/fr\/sejournez-au-lac-vert\/"},{"@type":"ListItem","position":3,"name":"Camping du Lac Vert"}]},{"@type":"WebSite","@id":"https:\/\/lacvertplage.fr\/#website","url":"https:\/\/lacvertplage.fr\/","name":"Base de Loisirs du Lac Vert Plage","description":"in Doulcon im Val Dunois in Meuse Lorraine","potentialAction":[{"@type":"SearchAction","target":{"@type":"EntryPoint","urlTemplate":"https:\/\/lacvertplage.fr\/?s={search_term_string}"},"query-input":{"@type":"PropertyValueSpecification","valueRequired":true,"valueName":"search_term_string"}}],"inLanguage":"de"}]}},"_links":{"self":[{"href":"https:\/\/lacvertplage.fr\/de\/wp-json\/wp\/v2\/pages\/23","targetHints":{"allow":["GET"]}}],"collection":[{"href":"https:\/\/lacvertplage.fr\/de\/wp-json\/wp\/v2\/pages"}],"about":[{"href":"https:\/\/lacvertplage.fr\/de\/wp-json\/wp\/v2\/types\/page"}],"author":[{"embeddable":true,"href":"https:\/\/lacvertplage.fr\/de\/wp-json\/wp\/v2\/users\/1"}],"replies":[{"embeddable":true,"href":"https:\/\/lacvertplage.fr\/de\/wp-json\/wp\/v2\/comments?post=23"}],"version-history":[{"count":35,"href":"https:\/\/lacvertplage.fr\/de\/wp-json\/wp\/v2\/pages\/23\/revisions"}],"predecessor-version":[{"id":907,"href":"https:\/\/lacvertplage.fr\/de\/wp-json\/wp\/v2\/pages\/23\/revisions\/907"}],"up":[{"embeddable":true,"href":"https:\/\/lacvertplage.fr\/de\/wp-json\/wp\/v2\/pages\/18"}],"wp:attachment":[{"href":"https:\/\/lacvertplage.fr\/de\/wp-json\/wp\/v2\/media?parent=23"}],"curies":[{"name":"wp","href":"https:\/\/api.w.org\/{rel}","templated":true}]}}